{"id":25529,"date":"2021-06-03T09:56:03","date_gmt":"2021-06-03T07:56:03","guid":{"rendered":"https:\/\/protocolo.umh.es\/?page_id=25529"},"modified":"2026-02-12T09:20:14","modified_gmt":"2026-02-12T08:20:14","slug":"jardin-de-los-honoris","status":"publish","type":"page","link":"https:\/\/protocolo.umh.es\/en\/jardin-de-los-honoris\/jardin-de-los-honoris\/","title":{"rendered":"DOCTORS HONORIS CAUSA"},"content":{"rendered":"<p><a href=\"https:\/\/protocolo.umh.es\/files\/2026\/01\/28-01-26-honoris-totem-galeria.jpg\"><img loading=\"lazy\" class=\"alignnone wp-image-43760\" src=\"https:\/\/protocolo.umh.es\/files\/2026\/01\/28-01-26-honoris-totem-galeria-150x150.jpg\" alt=\"\" width=\"180\" height=\"180\" \/><\/a><\/p>\n<p><strong>Excellency Mariana Concepci\u00f3n Castells<br \/>\n<\/strong>Investment January 28, 2026<br \/>\n<a href=\"https:\/\/protocolo.umh.es\/jardin-de-los-honoris\/palmera-datilera\/\">Palmera Datilera (<em>Phoenix dactylifera<\/em>)<\/a><\/p>\n<hr \/>\n<p><a href=\"https:\/\/protocolo.umh.es\/files\/2025\/09\/39A8886.jpg\"><img loading=\"lazy\" class=\"alignnone wp-image-42125\" src=\"https:\/\/protocolo.umh.es\/files\/2025\/09\/39A8886-150x150.jpg\" alt=\"\" width=\"189\" height=\"189\" \/><\/a><\/p>\n<p><strong>Excellency Ms. Margarita del Val<br \/>\n<\/strong>Investment September 18, 2025<br \/>\n<a href=\"https:\/\/protocolo.umh.es\/jardin-de-los-honoris\/33481-2\/\"><em>\u00c1rbol botella de Queensland<\/em><\/a><\/p>\n<hr \/>\n<p><a href=\"https:\/\/protocolo.umh.es\/files\/2024\/05\/Braquiquito-rosado.jpg\"><img loading=\"lazy\" class=\"alignnone wp-image-35668\" src=\"https:\/\/protocolo.umh.es\/files\/2024\/05\/Braquiquito-rosado-288x300.jpg\" alt=\"\" width=\"163\" height=\"170\" srcset=\"https:\/\/protocolo.umh.es\/files\/2024\/05\/Braquiquito-rosado-288x300.jpg 288w, https:\/\/protocolo.umh.es\/files\/2024\/05\/Braquiquito-rosado.jpg 290w\" sizes=\"(max-width: 163px) 100vw, 163px\" \/><\/a><\/p>\n<p><strong>Excellency Ms. Paloma del R\u00edo Ca\u00f1adas<br \/>\n<\/strong>Investment June 19, 2025<br \/>\n<a href=\"https:\/\/protocolo.umh.es\/jardin-de-los-honoris\/braquiquito-rosado\/\">Braquiquito rosado (<em>Brachychiton discolor<\/em>, F. Muell.)<\/a><\/p>\n<hr \/>\n<p><img loading=\"lazy\" class=\"alignnone size-full wp-image-39719\" src=\"https:\/\/protocolo.umh.es\/files\/2025\/05\/unnamed.png\" alt=\"\" width=\"159\" height=\"155\" \/><img loading=\"lazy\" class=\"alignnone size-medium wp-image-39713\" src=\"https:\/\/protocolo.umh.es\/files\/2025\/05\/Manuel-Pimentel-225x300.jpg\" alt=\"\" width=\"225\" height=\"300\" srcset=\"https:\/\/protocolo.umh.es\/files\/2025\/05\/Manuel-Pimentel-225x300.jpg 225w, https:\/\/protocolo.umh.es\/files\/2025\/05\/Manuel-Pimentel-768x1024.jpg 768w, https:\/\/protocolo.umh.es\/files\/2025\/05\/Manuel-Pimentel-1152x1536.jpg 1152w, https:\/\/protocolo.umh.es\/files\/2025\/05\/Manuel-Pimentel.jpg 1200w\" sizes=\"(max-width: 225px) 100vw, 225px\" \/><\/p>\n<p><strong>Excellency Mr. Manuel Ram\u00f3n Pimentel Siles<\/strong><\/p>\n<p>Investment May 15, 2025<\/p>\n<p><a href=\"https:\/\/protocolo.umh.es\/jardin-de-los-honoris\/palmera-datilera\/\"><span style=\"color: #ff0000\">Palmera &#8211; Phoenix dactylifera<\/span><\/a><\/p>\n<hr \/>\n<p><img loading=\"lazy\" class=\"alignnone size-full wp-image-39719\" src=\"https:\/\/protocolo.umh.es\/files\/2025\/05\/unnamed.png\" alt=\"\" width=\"159\" height=\"155\" \/><img loading=\"lazy\" class=\"alignnone size-medium wp-image-39716\" src=\"https:\/\/protocolo.umh.es\/files\/2025\/05\/Jaime-Lamo-de-Espinosa-225x300.jpg\" alt=\"\" width=\"225\" height=\"300\" srcset=\"https:\/\/protocolo.umh.es\/files\/2025\/05\/Jaime-Lamo-de-Espinosa-225x300.jpg 225w, https:\/\/protocolo.umh.es\/files\/2025\/05\/Jaime-Lamo-de-Espinosa-768x1024.jpg 768w, https:\/\/protocolo.umh.es\/files\/2025\/05\/Jaime-Lamo-de-Espinosa-1152x1536.jpg 1152w, https:\/\/protocolo.umh.es\/files\/2025\/05\/Jaime-Lamo-de-Espinosa.jpg 1200w\" sizes=\"(max-width: 225px) 100vw, 225px\" \/><\/p>\n<p><strong>Excellency Mr. Jaime Lamo de Espinosa and Michels de Champourcin<\/strong><\/p>\n<p>Investment May 15, 2025<\/p>\n<p><a href=\"https:\/\/protocolo.umh.es\/jardin-de-los-honoris\/palmera-datilera\/\"><span style=\"color: #ff0000\">Palmera &#8211; Phoenix dactylifera<\/span><\/a><\/p>\n<hr \/>\n<p><a href=\"https:\/\/protocolo.umh.es\/files\/2025\/02\/Dr.-Diego-Gonzalez-Rivas_39A0024-1.jpg\"><img loading=\"lazy\" class=\"alignnone size-medium wp-image-39562\" src=\"https:\/\/protocolo.umh.es\/files\/2025\/02\/Dr.-Diego-Gonzalez-Rivas_39A0024-1-200x300.jpg\" alt=\"\" width=\"200\" height=\"300\" srcset=\"https:\/\/protocolo.umh.es\/files\/2025\/02\/Dr.-Diego-Gonzalez-Rivas_39A0024-1-200x300.jpg 200w, https:\/\/protocolo.umh.es\/files\/2025\/02\/Dr.-Diego-Gonzalez-Rivas_39A0024-1-683x1024.jpg 683w, https:\/\/protocolo.umh.es\/files\/2025\/02\/Dr.-Diego-Gonzalez-Rivas_39A0024-1-768x1152.jpg 768w, https:\/\/protocolo.umh.es\/files\/2025\/02\/Dr.-Diego-Gonzalez-Rivas_39A0024-1.jpg 816w\" sizes=\"(max-width: 200px) 100vw, 200px\" \/><\/a><a href=\"https:\/\/protocolo.umh.es\/files\/2025\/02\/unnamed-1.png\"><img loading=\"lazy\" class=\"alignnone size-medium wp-image-39565\" src=\"https:\/\/protocolo.umh.es\/files\/2025\/02\/unnamed-1-300x296.png\" alt=\"\" width=\"300\" height=\"296\" srcset=\"https:\/\/protocolo.umh.es\/files\/2025\/02\/unnamed-1-300x296.png 300w, https:\/\/protocolo.umh.es\/files\/2025\/02\/unnamed-1-768x758.png 768w, https:\/\/protocolo.umh.es\/files\/2025\/02\/unnamed-1.png 882w\" sizes=\"(max-width: 300px) 100vw, 300px\" \/><\/a><a href=\"https:\/\/protocolo.umh.es\/files\/2025\/02\/unnamed-2.png\"><img loading=\"lazy\" class=\"alignnone wp-image-39568\" src=\"https:\/\/protocolo.umh.es\/files\/2025\/02\/unnamed-2-300x123.png\" alt=\"\" width=\"717\" height=\"294\" srcset=\"https:\/\/protocolo.umh.es\/files\/2025\/02\/unnamed-2-300x123.png 300w, https:\/\/protocolo.umh.es\/files\/2025\/02\/unnamed-2-768x314.png 768w, https:\/\/protocolo.umh.es\/files\/2025\/02\/unnamed-2.png 951w\" sizes=\"(max-width: 717px) 100vw, 717px\" \/><\/a><\/p>\n<p><strong>Excellency Mr. Diego Gonz\u00e1lez Rivas<\/strong><\/p>\n<p>Investment February 14, 2025<\/p>\n<p><a href=\"https:\/\/protocolo.umh.es\/jardin-de-los-honoris\/33481-2\/\">\u00c1rbol botella de Queensland (<em>Brachychiton rupestris<\/em>, (T. Mitch. Ex Lindl) K. Schum.)<\/a><\/p>\n<hr \/>\n<p><a href=\"https:\/\/protocolo.umh.es\/files\/2025\/02\/12-04-24-DHC-Fuente-Uni-Murcia-300x225-1.jpg\"><img loading=\"lazy\" class=\"alignnone size-full wp-image-38379\" src=\"https:\/\/protocolo.umh.es\/files\/2025\/02\/12-04-24-DHC-Fuente-Uni-Murcia-300x225-1.jpg\" alt=\"\" width=\"300\" height=\"225\" \/><\/a><a href=\"https:\/\/protocolo.umh.es\/files\/2025\/02\/foto.png\"><img loading=\"lazy\" class=\"alignnone size-medium wp-image-38370\" src=\"https:\/\/protocolo.umh.es\/files\/2025\/02\/foto-227x300.png\" alt=\"\" width=\"227\" height=\"300\" srcset=\"https:\/\/protocolo.umh.es\/files\/2025\/02\/foto-227x300.png 227w, https:\/\/protocolo.umh.es\/files\/2025\/02\/foto.png 606w\" sizes=\"(max-width: 227px) 100vw, 227px\" \/><\/a> <a href=\"https:\/\/protocolo.umh.es\/files\/2025\/02\/foto-2.png\"><img loading=\"lazy\" class=\"alignnone size-medium wp-image-38373\" src=\"https:\/\/protocolo.umh.es\/files\/2025\/02\/foto-2-300x205.png\" alt=\"\" width=\"300\" height=\"205\" srcset=\"https:\/\/protocolo.umh.es\/files\/2025\/02\/foto-2-300x205.png 300w, https:\/\/protocolo.umh.es\/files\/2025\/02\/foto-2.png 598w\" sizes=\"(max-width: 300px) 100vw, 300px\" \/><\/a> <a href=\"https:\/\/protocolo.umh.es\/files\/2025\/02\/unnamed.png\"><img loading=\"lazy\" class=\"alignnone size-medium wp-image-38376\" src=\"https:\/\/protocolo.umh.es\/files\/2025\/02\/unnamed-166x300.png\" alt=\"\" width=\"166\" height=\"300\" srcset=\"https:\/\/protocolo.umh.es\/files\/2025\/02\/unnamed-166x300.png 166w, https:\/\/protocolo.umh.es\/files\/2025\/02\/unnamed.png 411w\" sizes=\"(max-width: 166px) 100vw, 166px\" \/><\/a><\/p>\n<p><strong>Excellency Mr. Luis Puelles L\u00f3pez<\/strong><\/p>\n<p>Investment January 28, 2025<\/p>\n<p><a href=\"https:\/\/protocolo.umh.es\/jardin-de-los-honoris\/morera\/\">Broussonetia papyrifera<\/a><\/p>\n<p>&nbsp;<\/p>\n<hr \/>\n<p><a href=\"https:\/\/protocolo.umh.es\/files\/2024\/05\/Carlos-Herrera.jpg\"><img loading=\"lazy\" class=\"alignnone wp-image-35674\" src=\"https:\/\/protocolo.umh.es\/files\/2024\/05\/Carlos-Herrera.jpg\" alt=\"\" width=\"176\" height=\"176\" srcset=\"https:\/\/protocolo.umh.es\/files\/2024\/05\/Carlos-Herrera.jpg 250w, https:\/\/protocolo.umh.es\/files\/2024\/05\/Carlos-Herrera-150x150.jpg 150w\" sizes=\"(max-width: 176px) 100vw, 176px\" \/> <\/a><a href=\"https:\/\/protocolo.umh.es\/files\/2024\/05\/Braquiquito-rosado.jpg\">\u00a0<\/a><a href=\"https:\/\/protocolo.umh.es\/files\/2024\/05\/arbol-de-Carlos-Herrera.png\"><img loading=\"lazy\" class=\"alignnone wp-image-35719\" src=\"https:\/\/protocolo.umh.es\/files\/2024\/05\/arbol-de-Carlos-Herrera-150x150.png\" alt=\"\" width=\"170\" height=\"170\" \/><\/a> <a href=\"https:\/\/protocolo.umh.es\/files\/2024\/05\/Cartel-Carlos-Herrera.png\"><img loading=\"lazy\" class=\"alignnone wp-image-35722\" src=\"https:\/\/protocolo.umh.es\/files\/2024\/05\/Cartel-Carlos-Herrera-150x150.png\" alt=\"\" width=\"168\" height=\"168\" \/> <\/a><a href=\"https:\/\/protocolo.umh.es\/files\/2024\/05\/Braquiquito-rosado.jpg\"><img loading=\"lazy\" class=\"alignnone wp-image-35668\" src=\"https:\/\/protocolo.umh.es\/files\/2024\/05\/Braquiquito-rosado-288x300.jpg\" alt=\"\" width=\"163\" height=\"170\" srcset=\"https:\/\/protocolo.umh.es\/files\/2024\/05\/Braquiquito-rosado-288x300.jpg 288w, https:\/\/protocolo.umh.es\/files\/2024\/05\/Braquiquito-rosado.jpg 290w\" sizes=\"(max-width: 163px) 100vw, 163px\" \/><\/a><\/p>\n<div>\n<p><strong>Excellency Mr. Carlos Herrera Crusset<\/strong><\/p>\n<p>Investment June 5, 2024<\/p>\n<\/div>\n<div>\n<p><a href=\"https:\/\/protocolo.umh.es\/jardin-de-los-honoris\/braquiquito-rosado\/\">Braquiquito rosado (<em>Brachychiton discolor<\/em>, F. Muell.)<\/a><\/p>\n<\/div>\n<hr \/>\n<p>&nbsp;<\/p>\n<p><a href=\"https:\/\/protocolo.umh.es\/files\/2024\/01\/39A6514.jpg\"><img loading=\"lazy\" class=\"alignnone wp-image-34494\" src=\"https:\/\/protocolo.umh.es\/files\/2024\/01\/39A6514-200x300.jpg\" alt=\"\" width=\"127\" height=\"191\" srcset=\"https:\/\/protocolo.umh.es\/files\/2024\/01\/39A6514-200x300.jpg 200w, https:\/\/protocolo.umh.es\/files\/2024\/01\/39A6514-682x1024.jpg 682w, https:\/\/protocolo.umh.es\/files\/2024\/01\/39A6514-768x1152.jpg 768w, https:\/\/protocolo.umh.es\/files\/2024\/01\/39A6514.jpg 853w\" sizes=\"(max-width: 127px) 100vw, 127px\" \/> <img loading=\"lazy\" class=\"\" src=\"https:\/\/protocolo.umh.es\/files\/2023\/12\/Arbol-botella-de-Queensland.png\" width=\"217\" height=\"144\" \/><\/a><\/p>\n<p><strong>Excellency Mr. <a href=\"https:\/\/protocolo.umh.es\/2024\/01\/11\/invitacion-festividad-santo-tomas-de-aquino-2024-investidura-de-luis-serrano-como-doctor-honoris-causa\/\">Luis Serrano Pubul<\/a><\/strong><\/p>\n<p>Investment January 25, 2024<\/p>\n<p><a href=\"https:\/\/protocolo.umh.es\/jardin-de-los-honoris\/33481-2\/\">\u00c1rbol botella de Queensland (<em>Brachychiton rupestris<\/em>, (T. Mitch. Ex Lindl) K. Schum.)<\/a><\/p>\n<hr \/>\n<p>&nbsp;<\/p>\n<p><strong><img loading=\"lazy\" class=\"\" src=\"https:\/\/protocolo.umh.es\/files\/2023\/01\/FRED-WUDL-288x300.jpg\" width=\"151\" height=\"157\" \/> <a href=\"https:\/\/protocolo.umh.es\/files\/2023\/07\/madrono.png\"><img loading=\"lazy\" class=\"alignnone size-thumbnail wp-image-32710\" src=\"https:\/\/protocolo.umh.es\/files\/2023\/07\/madrono-150x150.png\" alt=\"\" width=\"150\" height=\"150\" srcset=\"https:\/\/protocolo.umh.es\/files\/2023\/07\/madrono-150x150.png 150w, https:\/\/protocolo.umh.es\/files\/2023\/07\/madrono.png 227w\" sizes=\"(max-width: 150px) 100vw, 150px\" \/><\/a><\/strong><\/p>\n<p><strong>Excellency Mr. <a href=\"https:\/\/protocolo.umh.es\/2023\/01\/27\/festividad-santo-tomas-de-aquino-2023-investidura-de-fred-wudl-como-doctor-honoris-causa\/\">Fred Wudl<\/a><\/strong><\/p>\n<p>Investment January 26, 2023<\/p>\n<p><a href=\"https:\/\/protocolo.umh.es\/jardin-de-los-honoris\/madrono\/\"><span style=\"color: #ff0000\">Madro\u00f1o &#8211; Arbutus unedo; L<\/span>.<\/a><\/p>\n<hr \/>\n<p><a href=\"https:\/\/protocolo.umh.es\/files\/2022\/02\/UMH-_L_11523.jpg\"><img loading=\"lazy\" class=\"alignnone size-thumbnail wp-image-28093\" src=\"https:\/\/protocolo.umh.es\/files\/2022\/02\/UMH-_L_11523-150x150.jpg\" alt=\"\" width=\"150\" height=\"150\" \/>\u00a0\u00a0 <\/a><a href=\"https:\/\/protocolo.umh.es\/files\/2022\/04\/paulownia.jpg\"><img loading=\"lazy\" class=\"alignnone wp-image-29020\" src=\"https:\/\/protocolo.umh.es\/files\/2022\/04\/paulownia.jpg\" alt=\"\" width=\"223\" height=\"148\" \/><\/a><\/p>\n<p><strong>Excellency Ms. <a href=\"https:\/\/protocolo.umh.es\/2022\/02\/09\/festividad-santo-tomas-de-aquino-2022-investidura-de-marie-johnston-como-doctora-honoris-causa-2\/\">Marie Johnston<\/a><\/strong><\/p>\n<p>Investment January 28, 2022<\/p>\n<p><span style=\"color: #ff0000\"><a style=\"color: #ff0000\" href=\"https:\/\/protocolo.umh.es\/jardin-de-los-honoris\/paulownia-tomentosa\/\">Paulownia tomentosa<\/a><\/span><\/p>\n<hr \/>\n<p><img loading=\"lazy\" class=\"\" title=\"Excmo. Sr. D. Ram\u00f3n Lobo Leyder\" src=\"https:\/\/www.umh.es\/img\/honoris-causa\/Lobo-Leyder.jpg\" alt=\"Excmo. Sr. D. Ram\u00f3n Lobo Leyder\" width=\"105\" height=\"158\" \/> \u00a0 <img loading=\"lazy\" class=\"\" src=\"https:\/\/www.monaconatureencyclopedia.com\/wp-content\/uploads\/2020\/08\/1-Jacaranda-mimosifolia.jpg\" alt=\"Jacaranda mimosifolia, Bignoniaceae\" width=\"198\" height=\"154\" \/><\/p>\n<div class=\"columnaMitadI\">\n<div class=\"colsContainer\">\n<p><strong>Excellency Mr. <a href=\"https:\/\/protocolo.umh.es\/2020\/01\/27\/la-umh-celebra-santo-tomas-de-aquino-con-la-investidura-como-doctor-honoris-causa-de-ramon-lobo\/\">Ram\u00f3n Lobo Leyder<\/a><\/strong><\/p>\n<p>Investment January 28, 2020<\/p>\n<p><span style=\"color: #ff0000\"><a style=\"color: #ff0000\" href=\"https:\/\/protocolo.umh.es\/jardin-de-los-honoris\/jacaranda-mimosifolia\/\">Jacaranda mimosifolia D. Don, 1822<\/a><\/span><\/p>\n<\/div>\n<\/div>\n<hr \/>\n<div class=\"columnaMitadI\">\n<div class=\"colsContainer\">\n<div><img title=\"Excmo. Sr. D. Antonio Garc\u00eda Garc\u00eda\" src=\"https:\/\/www.umh.es\/img\/honoris-causa\/Garcia-Garcia.jpg\" alt=\"Excmo. Sr. D. Antonio Garc\u00eda Garc\u00eda\" \/><\/div>\n<div>\n<p><strong>Excellency Mr. <a href=\"https:\/\/protocolo.umh.es\/2019\/02\/18\/festividad-de-santo-tomas-de-aquino-2019-e-investidura-como-doctor-honoris-causa-de-antonio-garcia-garcia\/\">Antonio Garc\u00eda Garc\u00eda<\/a><\/strong><\/p>\n<p>Investment January 28, 2019<\/p>\n<\/div>\n<\/div>\n<\/div>\n<hr \/>\n<div class=\"columnaMitadI\">\n<div class=\"colsContainer\">\n<div><img title=\"Excma. Sra. D\u00f1a. Nuria Oliver Ram\u00edrez\" src=\"https:\/\/www.umh.es\/img\/honoris-causa\/Oliver-Ramirez.jpg\" alt=\"Excma. Sra. D\u00f1a. Nuria Oliver Ram\u00edrez\" \/><\/div>\n<div>\n<p><strong>Excellency Ms. <a href=\"https:\/\/protocolo.umh.es\/2018\/10\/24\/solemne-acto-de-apertura-de-curso-academico-2018-2019\/\">Nuria Oliver Ram\u00edrez<\/a><\/strong><\/p>\n<p>Investment October 4, 2018<\/p>\n<hr \/>\n<\/div>\n<\/div>\n<\/div>\n<div class=\"columnaMitadD\">\n<div class=\"colsContainer\">\n<div><img loading=\"lazy\" class=\"alignnone\" title=\"Excmo. Sr. D. Tino Villanueva\" src=\"https:\/\/www.umh.es\/img\/honoris-causa\/Tino-Villanueva.jpg\" alt=\"Excmo. Sr. D. Tino Villanueva\" width=\"115\" height=\"173\" \/><img loading=\"lazy\" class=\"wp-image-25539 alignnone\" src=\"https:\/\/protocolo.umh.es\/files\/2021\/06\/Diapositiva27-e1622817659301-300x225.jpg\" alt=\"\" width=\"237\" height=\"178\" \/><\/div>\n<div><strong>Excellency Mr. <a href=\"https:\/\/protocolo.umh.es\/2018\/06\/28\/acto-de-clausura-del-curso-academico-2017-2018-e-investidura-como-dr-honoris-causa-de-d-tino-villanueva\/\">Tino Villanueva<\/a><\/strong><\/div>\n<\/div>\n<div class=\"colsContainer\">\n<p>Invested June 28, 2018<\/p>\n<p><a href=\"https:\/\/protocolo.umh.es\/jardin-de-los-honoris\/higuera\/\"><span style=\"color: #ff0000\">Higuera &#8211; Ficus carica; L<\/span><\/a><\/p>\n<hr \/>\n<\/div>\n<\/div>\n<div class=\"columnaMitadI\">\n<div class=\"colsContainer\">\n<div><img loading=\"lazy\" class=\"alignnone\" title=\"Excmo. Sr. D. Miguel R\u00edos Campa\u00f1a\" src=\"https:\/\/www.umh.es\/img\/honoris-causa\/Rios-Campanya.jpg\" alt=\"Excmo. Sr. D. Miguel R\u00edos Campa\u00f1a\" width=\"134\" height=\"201\" \/> <img loading=\"lazy\" class=\"wp-image-25545 alignnone\" src=\"https:\/\/protocolo.umh.es\/files\/2021\/06\/Diapositiva47-300x225.jpg\" alt=\"\" width=\"289\" height=\"217\" srcset=\"https:\/\/protocolo.umh.es\/files\/2021\/06\/Diapositiva47-300x225.jpg 300w, https:\/\/protocolo.umh.es\/files\/2021\/06\/Diapositiva47-768x576.jpg 768w, https:\/\/protocolo.umh.es\/files\/2021\/06\/Diapositiva47.jpg 960w\" sizes=\"(max-width: 289px) 100vw, 289px\" \/><\/div>\n<\/div>\n<\/div>\n<div class=\"columnaMitadI\">\n<div class=\"colsContainer\">\n<p><strong>Excellency Mr. <a href=\"https:\/\/protocolo.umh.es\/2018\/01\/26\/festividad-de-santo-tomas-de-aquino-2018-e-investidura-como-doctor-honoris-causa-de-miguel-rios\/\">Miguel R\u00edos Campa\u00f1a<\/a><\/strong><\/p>\n<p>Invested January 26, 2018<\/p>\n<p><a href=\"https:\/\/protocolo.umh.es\/jardin-de-los-honoris\/granado\/\"><span style=\"color: #ff0000\">Granado &#8211; Punica granatum; L.<\/span><\/a><\/p>\n<\/div>\n<\/div>\n<hr \/>\n<div class=\"columnaMitadI\">\n<div class=\"colsContainer\">\n<div><img loading=\"lazy\" class=\"alignleft\" title=\"Excmo. Sr. D. \u00c1ngel Nieto Rold\u00e1n\" src=\"https:\/\/www.umh.es\/img\/honoris-causa\/Nieto-Roldan.jpg\" alt=\"Excmo. Sr. D. \u00c1ngel Nieto Rold\u00e1n\" width=\"112\" height=\"168\" \/><\/div>\n<p><img loading=\"lazy\" class=\"alignnone\" src=\"https:\/\/upload.wikimedia.org\/wikipedia\/commons\/c\/cc\/Acer_monspessulanum_fg01.jpg\" alt=\"upload.wikimedia.org\/wikipedia\/commons\/c\/cc\/Ace...\" width=\"110\" height=\"166\" \/><\/p>\n<\/div>\n<p><strong>Excellency Mr. <a href=\"https:\/\/protocolo.umh.es\/2017\/12\/18\/el-piloto-de-motociclismo-angel-nieto-doctor-honoris-causa-por-la-umh-a-titulo-postumo\/\">\u00c1ngel Nieto Rold\u00e1n<\/a><\/strong><\/p>\n<p>Invested December 14, 2017<\/p>\n<p><a href=\"https:\/\/protocolo.umh.es\/jardin-de-los-honoris\/arce-de-montpellier\/\"><span style=\"color: #ff0000\">Arce de Montpellier &#8211; Acer Monspessulanum; L.<\/span><\/a><\/p>\n<hr \/>\n<\/div>\n<div class=\"columnaMitadD\">\n<div class=\"colsContainer\">\n<div><img loading=\"lazy\" class=\"alignnone\" title=\"Excmo. Sr. D. Jos\u00e9 Mar\u00eda Peir\u00f3 Silla\" src=\"https:\/\/www.umh.es\/img\/honoris-causa\/Peiro-Silla.jpg\" alt=\"Excmo. Sr. D. Jos\u00e9 Mar\u00eda Peir\u00f3 Silla\" width=\"104\" height=\"156\" \/> <a href=\"https:\/\/protocolo.umh.es\/files\/2022\/04\/Magnolio-300x236-1.jpg\"><img loading=\"lazy\" class=\"alignnone wp-image-29405\" src=\"https:\/\/protocolo.umh.es\/files\/2022\/04\/Magnolio-300x236-1.jpg\" alt=\"\" width=\"197\" height=\"155\" \/><\/a><\/div>\n<div>\n<p><strong>Excellency Mr. <a href=\"https:\/\/protocolo.umh.es\/2017\/07\/24\/acto-academico-de-clausura-del-curso-2016-2017-con-la-investidura-como-doctor-honoris-causa-del-excmo-sr-d-jose-maria-peiro-silla\/\">Jos\u00e9 Mar\u00eda Peir\u00f3 Silla<\/a><\/strong><\/p>\n<p>Invested July 4, 2017<\/p>\n<p><a href=\"https:\/\/protocolo.umh.es\/jardin-de-los-honoris\/magnolio\/\"><span style=\"color: #ff0000\">Magnolio &#8211; Magnolia grandiflora; L.<\/span><\/a><\/p>\n<hr \/>\n<\/div>\n<\/div>\n<\/div>\n<div class=\"columnaMitadI\">\n<div class=\"colsContainer\">\n<div><img loading=\"lazy\" class=\"alignnone\" title=\"Excma. Sra. D\u00f1a. Teresa Perales Fern\u00e1ndez\" src=\"https:\/\/www.umh.es\/img\/honoris-causa\/Perales-Fernandez.jpg\" alt=\"Excma. Sra. D\u00f1a. Teresa Perales Fern\u00e1ndez\" width=\"145\" height=\"218\" \/><a href=\"https:\/\/protocolo.umh.es\/files\/2021\/06\/Diapositiva48.jpg\"><img loading=\"lazy\" class=\"size-medium wp-image-25557 alignnone\" src=\"https:\/\/protocolo.umh.es\/files\/2021\/06\/Diapositiva48-300x225.jpg\" alt=\"\" width=\"300\" height=\"225\" srcset=\"https:\/\/protocolo.umh.es\/files\/2021\/06\/Diapositiva48-300x225.jpg 300w, https:\/\/protocolo.umh.es\/files\/2021\/06\/Diapositiva48-768x576.jpg 768w, https:\/\/protocolo.umh.es\/files\/2021\/06\/Diapositiva48.jpg 960w\" sizes=\"(max-width: 300px) 100vw, 300px\" \/><\/a><\/div>\n<div>\n<p><strong>Excellency Ms. <a href=\"https:\/\/protocolo.umh.es\/2017\/02\/17\/festividad-de-santo-tomas-de-aquino-2017-e-investidura-como-doctora-honoris-causa-de-sra-teresa-perales\/\">Teresa Perales Fern\u00e1ndez<\/a><\/strong><\/p>\n<p>Invested January 27, 2017<\/p>\n<p><a href=\"https:\/\/protocolo.umh.es\/jardin-de-los-honoris\/encina-o-carrasca\/\"><span style=\"color: #ff0000\">Encina &#8211; Quercus ilex; L.<\/span><\/a><\/p>\n<hr \/>\n<div class=\"colsContainer\">\n<div><img loading=\"lazy\" class=\"alignnone\" title=\"Excmo. Sr. D. Jaume Bech i Borr\u00e0s\" src=\"https:\/\/www.umh.es\/img\/honoris-causa\/Bech-Borras.jpg\" alt=\"Excmo. Sr. D. Jaume Bech i Borr\u00e0s\" width=\"152\" height=\"228\" \/><a href=\"https:\/\/protocolo.umh.es\/files\/2021\/06\/Diapositiva48.jpg\"><img loading=\"lazy\" class=\"size-medium wp-image-25557 alignnone\" src=\"https:\/\/protocolo.umh.es\/files\/2021\/06\/Diapositiva48-300x225.jpg\" alt=\"\" width=\"300\" height=\"225\" srcset=\"https:\/\/protocolo.umh.es\/files\/2021\/06\/Diapositiva48-300x225.jpg 300w, https:\/\/protocolo.umh.es\/files\/2021\/06\/Diapositiva48-768x576.jpg 768w, https:\/\/protocolo.umh.es\/files\/2021\/06\/Diapositiva48.jpg 960w\" sizes=\"(max-width: 300px) 100vw, 300px\" \/><\/a><\/div>\n<div>\n<p><strong>Excellency Mr. <a href=\"https:\/\/protocolo.umh.es\/2016\/09\/06\/apertura-curso-academico-2016-2017-e-investidura-de-d-jaume-bech-borras-como-doctor-honoris-causa\/\">Jaume Bech i Borr\u00e0s<\/a><\/strong><\/p>\n<p>Invested September 29, 2016<\/p>\n<p><a href=\"https:\/\/protocolo.umh.es\/jardin-de-los-honoris\/encina-o-carrasca\/\"><span style=\"color: #ff0000\">Encina &#8211; Quercus ilex; L.<\/span><\/a><\/p>\n<hr \/>\n<\/div>\n<\/div>\n<div class=\"colsContainer\">\n<div><img title=\"Excmo. Sr. D. Francisco Ivorra Miralles\" src=\"https:\/\/www.umh.es\/img\/honoris-causa\/Ivorra-Miralles.jpg\" alt=\"Excmo. Sr. D. Francisco Ivorra Miralles\" \/><\/div>\n<div>\n<p><strong>Excellency Mr. <a href=\"https:\/\/protocolo.umh.es\/2016\/06\/08\/acto-academico-de-clausura-del-curso-2015-2016-e-investidura-como-doctor-honoris-causa-del-excmo-sr-d-francisco-ivorra-miralles\/\">Francisco Ivorra Miralles<\/a><\/strong><\/p>\n<p>Invested June 30, 2016<\/p>\n<hr \/>\n<\/div>\n<\/div>\n<div class=\"colsContainer\">\n<div><img loading=\"lazy\" class=\"alignnone\" title=\"Excmo. Sr. D. Tom\u00e1s Torres Cebada\" src=\"https:\/\/www.umh.es\/img\/honoris-causa\/Torres-Cebada.jpg\" alt=\"Excmo. Sr. D. Tom\u00e1s Torres Cebada\" width=\"135\" height=\"203\" \/><a href=\"https:\/\/protocolo.umh.es\/files\/2021\/06\/Diapositiva56.jpg\"><img loading=\"lazy\" class=\"size-medium wp-image-25566 alignnone\" src=\"https:\/\/protocolo.umh.es\/files\/2021\/06\/Diapositiva56-300x225.jpg\" alt=\"\" width=\"300\" height=\"225\" srcset=\"https:\/\/protocolo.umh.es\/files\/2021\/06\/Diapositiva56-300x225.jpg 300w, https:\/\/protocolo.umh.es\/files\/2021\/06\/Diapositiva56-768x576.jpg 768w, https:\/\/protocolo.umh.es\/files\/2021\/06\/Diapositiva56.jpg 960w\" sizes=\"(max-width: 300px) 100vw, 300px\" \/><\/a><\/div>\n<div>\n<p><strong>Excellency Mr. <a href=\"https:\/\/protocolo.umh.es\/2016\/01\/15\/festividad-de-santo-tomas-de-aquino-2016-e-investidura-como-doctor-honoris-causa-del-excmo-sr-tomas-torres-cebada\/\">Tom\u00e1s Torres Cebada<\/a><\/strong><\/p>\n<p>Invested January 28, 2016<\/p>\n<p><a href=\"https:\/\/protocolo.umh.es\/jardin-de-los-honoris\/olmo-de-siberia\/\"><span style=\"color: #ff0000\">Olmo de Siberia &#8211; Ulmus pumila; L.<\/span><\/a><\/p>\n<hr \/>\n<div><img title=\"Excmo. Sr D. Gordon L. Amidon\" src=\"https:\/\/www.umh.es\/img\/honoris-causa\/Amidon.jpg\" alt=\"Excmo. Sr D. Gordon L. Amidon\" \/><\/div>\n<div>\n<p><strong>Excellency Mr. <a href=\"https:\/\/protocolo.umh.es\/2015\/01\/14\/festividad-de-santo-tomas-de-aquino-2015-e-investidura-como-doctor-honoris-causa-del-excmo-dr-d-gordon-l-amidon\/\">Gordon L. Amidon<\/a><\/strong><\/p>\n<p>Invested January 28, 2016<\/p>\n<hr \/>\n<div class=\"columnaMitadI\">\n<div class=\"colsContainer\">\n<div><img loading=\"lazy\" class=\"alignnone\" title=\"Excmo. Sr D. Antonio Fraguas de Pablo\" src=\"https:\/\/www.umh.es\/img\/honoris-causa\/Forges.jpg\" alt=\"Excmo. Sr D. Antonio Fraguas de Pablo\" width=\"142\" height=\"213\" \/><img loading=\"lazy\" class=\"alignnone\" src=\"https:\/\/i.ebayimg.com\/images\/g\/euIAAOSwzWpZkHit\/s-l300.jpg\" alt=\"10 SEMI DI CERATONIA SILIQUA &quot;Carrubo&quot;\" width=\"280\" height=\"212\" \/><\/div>\n<div>\n<p><strong>Excellency Mr. <a href=\"https:\/\/protocolo.umh.es\/2014\/09\/11\/solemne-acto-de-apertura-oficial-del-curso-academico-2014-15-umh\/\">Antonio Fraguas de Pablo<\/a><\/strong><\/p>\n<p>Invested October 3, 2014<\/p>\n<p><a href=\"https:\/\/protocolo.umh.es\/jardin-de-los-honoris\/algarrobo\/\"><span style=\"color: #ff0000\">Algarrobo &#8211; Ceratonia siliqua; L.<\/span><\/a><\/p>\n<hr \/>\n<\/div>\n<\/div>\n<\/div>\n<div class=\"columnaMitadD\">\n<div class=\"colsContainer\">\n<div><img loading=\"lazy\" class=\"alignnone\" title=\"Excmo. Sr D. Marcus Felson\" src=\"https:\/\/www.umh.es\/img\/honoris-causa\/Marcus-Felson.jpg\" alt=\"Excmo. Sr D. Marcus Felson\" width=\"133\" height=\"200\" \/><img loading=\"lazy\" class=\" wp-image-25569 alignnone\" src=\"https:\/\/protocolo.umh.es\/files\/2021\/06\/Diapositiva9-300x225.jpg\" alt=\"\" width=\"271\" height=\"203\" srcset=\"https:\/\/protocolo.umh.es\/files\/2021\/06\/Diapositiva9-300x225.jpg 300w, https:\/\/protocolo.umh.es\/files\/2021\/06\/Diapositiva9-768x576.jpg 768w, https:\/\/protocolo.umh.es\/files\/2021\/06\/Diapositiva9.jpg 960w\" sizes=\"(max-width: 271px) 100vw, 271px\" \/><\/div>\n<div>\n<p><strong>Excellency Mr. <a href=\"https:\/\/protocolo.umh.es\/2014\/06\/27\/clausura-del-curso-2013-2014\/\">Marcus Felson<\/a><\/strong><\/p>\n<p>Invested June 27, 2014<\/p>\n<p><a href=\"https:\/\/protocolo.umh.es\/jardin-de-los-honoris\/arbol-de-judas\/\"><span style=\"color: #ff0000\">\u00c1rbol de Judas &#8211; Cercis siliquastrum; L.<\/span><\/a><\/p>\n<hr \/>\n<\/div>\n<\/div>\n<\/div>\n<div class=\"columnaMitadI\">\n<div class=\"colsContainer\">\n<div><img loading=\"lazy\" class=\"alignnone\" title=\"Excmo. Sr. D. Francisco Garc\u00eda Olmedo\" src=\"https:\/\/www.umh.es\/img\/honoris-causa\/Francisco-Garcia-Olmedo.jpg\" alt=\"Excmo. Sr. D. Francisco Garc\u00eda Olmedo\" width=\"138\" height=\"207\" \/><a href=\"https:\/\/protocolo.umh.es\/files\/2021\/06\/Diapositiva32.jpg\"><img loading=\"lazy\" class=\"size-medium wp-image-25560 alignnone\" src=\"https:\/\/protocolo.umh.es\/files\/2021\/06\/Diapositiva32-300x225.jpg\" alt=\"\" width=\"300\" height=\"225\" srcset=\"https:\/\/protocolo.umh.es\/files\/2021\/06\/Diapositiva32-300x225.jpg 300w, https:\/\/protocolo.umh.es\/files\/2021\/06\/Diapositiva32-768x576.jpg 768w, https:\/\/protocolo.umh.es\/files\/2021\/06\/Diapositiva32.jpg 960w\" sizes=\"(max-width: 300px) 100vw, 300px\" \/><\/a><\/div>\n<div>\n<p><strong>Excellency Mr. <a href=\"https:\/\/protocolo.umh.es\/2014\/01\/13\/festividad-de-santo-tomas-de-aquino-2014-e-investidura-como-doctor-honoris-causa-del-excmo-sr-d-francisco-garcia-olmedo\/\">Francisco Garc\u00eda Olmedo<\/a><\/strong><\/p>\n<p>Invested January 28, 2014<\/p>\n<p><a href=\"https:\/\/protocolo.umh.es\/jardin-de-los-honoris\/laurel\/\"><span style=\"color: #ff0000\">Laurel &#8211; Laurus nobilis, L.<\/span><\/a><\/p>\n<hr \/>\n<div class=\"columnaMitadI\">\n<div class=\"colsContainer\">\n<div><img loading=\"lazy\" class=\"alignnone\" title=\"Excmo. Sr. D. Francisco Torreblanca Garc\u00eda\" src=\"https:\/\/www.umh.es\/img\/honoris-causa\/Paco-Torreblanca.jpg\" alt=\"Excmo. Sr. D. Francisco Torreblanca Garc\u00eda\" width=\"138\" height=\"207\" \/><a href=\"https:\/\/protocolo.umh.es\/files\/2021\/06\/Diapositiva49.jpg\"><img loading=\"lazy\" class=\"size-medium wp-image-25554 alignnone\" src=\"https:\/\/protocolo.umh.es\/files\/2021\/06\/Diapositiva49-300x225.jpg\" alt=\"\" width=\"300\" height=\"225\" srcset=\"https:\/\/protocolo.umh.es\/files\/2021\/06\/Diapositiva49-300x225.jpg 300w, https:\/\/protocolo.umh.es\/files\/2021\/06\/Diapositiva49-768x576.jpg 768w, https:\/\/protocolo.umh.es\/files\/2021\/06\/Diapositiva49.jpg 960w\" sizes=\"(max-width: 300px) 100vw, 300px\" \/><\/a><\/div>\n<div>\n<p><strong>Excellency Mr. <a href=\"https:\/\/protocolo.umh.es\/2013\/06\/28\/acto-de-conmemoracion-del-xv-aniversario-investidura-como-doctores-honores-causa-del-d-francisco-torreblanca-y-d-enrique-dacosta\/\">Francisco Torreblanca Garc\u00eda<\/a><\/strong><\/p>\n<p>Invested June 27, 2013<\/p>\n<p><a href=\"https:\/\/protocolo.umh.es\/jardin-de-los-honoris\/roble-comun\/\"><span style=\"color: #ff0000\">Roble com\u00fan &#8211; Quercus robur; <\/span><\/a><\/p>\n<hr \/>\n<\/div>\n<\/div>\n<\/div>\n<div class=\"columnaMitadD\">\n<div class=\"colsContainer\">\n<div><img loading=\"lazy\" class=\"alignnone\" title=\"Excmo. Sr. D. Enrique Dacosta Vadillo\" src=\"https:\/\/www.umh.es\/img\/honoris-causa\/Quique-Dacosta.jpg\" alt=\"Excmo. Sr. D. Enrique Dacosta Vadillo\" width=\"137\" height=\"206\" \/><a href=\"https:\/\/protocolo.umh.es\/files\/2021\/06\/Diapositiva4.jpg\"><img loading=\"lazy\" class=\"size-medium wp-image-25563 alignnone\" src=\"https:\/\/protocolo.umh.es\/files\/2021\/06\/Diapositiva4-300x225.jpg\" alt=\"\" width=\"300\" height=\"225\" srcset=\"https:\/\/protocolo.umh.es\/files\/2021\/06\/Diapositiva4-300x225.jpg 300w, https:\/\/protocolo.umh.es\/files\/2021\/06\/Diapositiva4-768x576.jpg 768w, https:\/\/protocolo.umh.es\/files\/2021\/06\/Diapositiva4.jpg 960w\" sizes=\"(max-width: 300px) 100vw, 300px\" \/><\/a><\/div>\n<div>\n<p><strong>Excellency Mr. <a href=\"https:\/\/protocolo.umh.es\/2013\/06\/28\/acto-de-conmemoracion-del-xv-aniversario-investidura-como-doctores-honores-causa-del-d-francisco-torreblanca-y-d-enrique-dacosta\/\">Enrique Dacosta Vadillo<\/a><\/strong><\/p>\n<p>Invested June 27, 2013<\/p>\n<p><a href=\"https:\/\/protocolo.umh.es\/jardin-de-los-honoris\/madrono\/\"><span style=\"color: #ff0000\">Madro\u00f1o &#8211; Arbutus unedo; L<\/span>.<\/a><\/p>\n<hr \/>\n<\/div>\n<\/div>\n<\/div>\n<div class=\"columnaMitadI\">\n<div class=\"colsContainer\">\n<div><img loading=\"lazy\" class=\"alignnone\" title=\"Excmo. Sr. D. Paul Mockapetris\" src=\"https:\/\/www.umh.es\/img\/honoris-causa\/paul-mockapetris.jpg\" alt=\"Excmo. Sr. D. Paul Mockapetris\" width=\"134\" height=\"201\" \/><img loading=\"lazy\" class=\"alignnone\" src=\"https:\/\/upload.wikimedia.org\/wikipedia\/commons\/thumb\/6\/60\/Datilera-Aguilas-1.jpg\/250px-Datilera-Aguilas-1.jpg\" alt=\"Datilera-Aguilas-1.jpg\" width=\"151\" height=\"201\" \/><\/div>\n<div>\n<p><strong>Excellency Mr. <a href=\"https:\/\/protocolo.umh.es\/2013\/01\/28\/festividad-de-santo-tomas-de-aquino-2013-e-investidura-del-excmo-dr-paul-mockapetris\/\">Paul Mockapetris<\/a><\/strong><\/p>\n<p>Invested January 28, 2013<\/p>\n<p><a href=\"https:\/\/protocolo.umh.es\/jardin-de-los-honoris\/palmera-datilera\/\"><span style=\"color: #ff0000\">Palmera &#8211; Phoenix dactylifera<\/span><\/a><\/p>\n<hr \/>\n<div><img title=\"Excma. Sra. D\u00f1a. Mar\u00eda Josefa Yzuel Gim\u00e9nez\" src=\"https:\/\/www.umh.es\/img\/honoris-causa\/josefa-yzuel.jpg\" alt=\"Excma. Sra. D\u00f1a. Mar\u00eda Josefa Yzuel Gim\u00e9nez\" \/> <a href=\"https:\/\/protocolo.umh.es\/files\/2021\/06\/Diapositiva7.jpg\"><img loading=\"lazy\" class=\" wp-image-25572 alignnone\" src=\"https:\/\/protocolo.umh.es\/files\/2021\/06\/Diapositiva7-300x225.jpg\" alt=\"\" width=\"275\" height=\"206\" srcset=\"https:\/\/protocolo.umh.es\/files\/2021\/06\/Diapositiva7-300x225.jpg 300w, https:\/\/protocolo.umh.es\/files\/2021\/06\/Diapositiva7-768x576.jpg 768w, https:\/\/protocolo.umh.es\/files\/2021\/06\/Diapositiva7.jpg 960w\" sizes=\"(max-width: 275px) 100vw, 275px\" \/><\/a><\/div>\n<div>\n<p><strong>Excellency Mr. <a href=\"https:\/\/protocolo.umh.es\/2012\/01\/27\/santo-tomas-de-aquino\/\">Mar\u00eda Josefa Yzuel Gim\u00e9nez<\/a><\/strong><\/p>\n<p>Invested January 27, 2012<\/p>\n<p><a href=\"https:\/\/protocolo.umh.es\/jardin-de-los-honoris\/catalpa\/\"><span style=\"color: #ff0000\">Catalpa &#8211; Catalpa bignonioides; Walter, Fl. Carol.<\/span><\/a><\/p>\n<hr \/>\n<div class=\"columnaMitadI\">\n<div class=\"colsContainer\">\n<div><img loading=\"lazy\" class=\"alignnone\" title=\"Excma. Sra. D\u00f1a. Helga Ellen Kolb\" src=\"https:\/\/www.umh.es\/img\/honoris-causa\/Helga-Ellen-Kolb.jpg\" alt=\"Excma. Sra. D\u00f1a. Helga Ellen Kolb\" width=\"132\" height=\"198\" \/><\/div>\n<div>\n<p><strong>Excellency Mr. <a href=\"https:\/\/protocolo.umh.es\/2011\/10\/07\/solemne-acto-de-apertura-de-curso-academico-2011-2012-e-investidura-como-como-doctores-honoris-causa-de-de-la-profa-dra-helga-kolb-y-del-prof-dr-richard-normann-2\/\">Helga Ellen Kolb<\/a><\/strong><\/p>\n<p>Invested\u00a0 October 7, 2011<\/p>\n<hr \/>\n<\/div>\n<\/div>\n<\/div>\n<div class=\"columnaMitadD\">\n<div class=\"colsContainer\">\n<div><img loading=\"lazy\" class=\"alignnone\" title=\"Excmo. Sr. D. Richard Alan Normann\" src=\"https:\/\/www.umh.es\/img\/honoris-causa\/Richard-Alan-Normann.jpg\" alt=\"Excmo. Sr. D. Richard Alan Normann\" width=\"132\" height=\"198\" \/><a href=\"https:\/\/protocolo.umh.es\/files\/2021\/06\/Diapositiva43.jpg\"><img loading=\"lazy\" class=\"size-medium wp-image-25575 alignnone\" src=\"https:\/\/protocolo.umh.es\/files\/2021\/06\/Diapositiva43-300x225.jpg\" alt=\"\" width=\"300\" height=\"225\" srcset=\"https:\/\/protocolo.umh.es\/files\/2021\/06\/Diapositiva43-300x225.jpg 300w, https:\/\/protocolo.umh.es\/files\/2021\/06\/Diapositiva43-768x576.jpg 768w, https:\/\/protocolo.umh.es\/files\/2021\/06\/Diapositiva43.jpg 960w\" sizes=\"(max-width: 300px) 100vw, 300px\" \/><\/a><\/div>\n<div>\n<p><strong>Excellency Mr. <a href=\"https:\/\/protocolo.umh.es\/2011\/10\/07\/solemne-acto-de-apertura-de-curso-academico-2011-2012-e-investidura-como-como-doctores-honoris-causa-de-de-la-profa-dra-helga-kolb-y-del-prof-dr-richard-normann-2\/\">Richard Alan Normann<\/a><\/strong><\/p>\n<p>Invested October 7, 2011<\/p>\n<p><a href=\"https:\/\/protocolo.umh.es\/jardin-de-los-honoris\/pino-pinonero\/\"><span style=\"color: #ff0000\">Pino pi\u00f1onero &#8211; Pinus pinea; L.<\/span><\/a><\/p>\n<hr \/>\n<\/div>\n<\/div>\n<\/div>\n<div class=\"columnaMitadI\">\n<div class=\"colsContainer\">\n<div><img loading=\"lazy\" class=\"alignnone\" title=\"Excmo. Sr. D. Luis G\u00e1mir Casares\" src=\"https:\/\/www.umh.es\/img\/honoris-causa\/luis_gamir.jpg\" alt=\"Excmo. Sr. D. Luis G\u00e1mir Casares\" width=\"121\" height=\"182\" \/><a href=\"https:\/\/protocolo.umh.es\/files\/2021\/06\/Diapositiva35.jpg\"><img loading=\"lazy\" class=\"size-medium wp-image-25578 alignnone\" src=\"https:\/\/protocolo.umh.es\/files\/2021\/06\/Diapositiva35-300x225.jpg\" alt=\"\" width=\"300\" height=\"225\" srcset=\"https:\/\/protocolo.umh.es\/files\/2021\/06\/Diapositiva35-300x225.jpg 300w, https:\/\/protocolo.umh.es\/files\/2021\/06\/Diapositiva35-768x576.jpg 768w, https:\/\/protocolo.umh.es\/files\/2021\/06\/Diapositiva35.jpg 960w\" sizes=\"(max-width: 300px) 100vw, 300px\" \/><\/a><\/div>\n<div>\n<p><strong>Excellency Mr. <a href=\"https:\/\/protocolo.umh.es\/2011\/01\/28\/festividad-de-santo-tomas-de-aquino-2011-e-investidura-del-excmo-sr-don-luis-gamir-casares-como-doctor-honoris-causa\/\">Luis G\u00e1mir Casares<\/a><\/strong><\/p>\n<p>Invested January 28, 2011<\/p>\n<p><a href=\"https:\/\/protocolo.umh.es\/jardin-de-los-honoris\/arbol-de-las-tulipas\/\"><span style=\"color: #ff0000\">\u00c1rbol de las tulipas &#8211; Liriodendron tulipifera; L.<\/span><\/a><\/p>\n<hr \/>\n<div class=\"columnaMitadI\">\n<div class=\"colsContainer\">\n<div><img title=\"Excmo. Sr. D. C.A. Knox Lovell\" src=\"https:\/\/www.umh.es\/img\/honoris-causa\/dhc_Knox_Lovell.jpg\" alt=\"Excmo. Sr. D. C.A. Knox Lovell\" \/><\/div>\n<div>\n<p><strong>Excellency Mr. <a href=\"https:\/\/protocolo.umh.es\/2010\/10\/06\/solemne-acto-de-apertura-de-curso-academico-2010-2011-e-investidura-del-excmo-sr-don-c-a-knox-lovell-como-doctor-honoris-causa-2\/\">C.A. Knox Lovell<\/a><\/strong><\/p>\n<p>Invested October 1, 2010<\/p>\n<\/div>\n<\/div>\n<\/div>\n<div class=\"columnaMitadD\">\n<div class=\"colsContainer\">\n<div class=\"columnaMitadD\">\n<div class=\"colsContainer\">\n<div>\n<hr \/>\n<\/div>\n<\/div>\n<\/div>\n<div><img loading=\"lazy\" class=\"alignnone\" title=\"Excmo. Sr. D. Joan Manuel Serrat i Teresa\" src=\"https:\/\/www.umh.es\/img\/honoris-causa\/joan_manuel_serrat.jpg\" alt=\"Excmo. Sr. D. Joan Manuel Serrat i Teresa\" width=\"105\" height=\"158\" \/><img loading=\"lazy\" class=\"alignnone\" src=\"https:\/\/protocolo.umh.es\/files\/2021\/06\/ginko.jpg\" width=\"116\" height=\"155\" \/><\/div>\n<div>\n<p><strong>Excellency Mr. <a href=\"https:\/\/protocolo.umh.es\/2010\/07\/09\/solemne-acto-de-investidura-del-excmo-sr-d-joan-manuel-serrat-como-doctor-honoris-causa-el-21-de-junio-de-2010\/\">Joan Manuel Serrat i Teresa<\/a><\/strong><\/p>\n<\/div>\n<p>Invested May 21, 2010<\/p>\n<p><a href=\"https:\/\/protocolo.umh.es\/jardin-de-los-honoris\/ginkgo-biloba-l-arbol-de-las-pagodas-arbol-de-los-40-escudos\/\"><span style=\"color: #ff0000\">Ginkgo &#8211; Ginkgo biloba; L.<\/span><\/a><\/p>\n<hr \/>\n<\/div>\n<\/div>\n<div class=\"columnaMitadI\">\n<div class=\"colsContainer\">\n<div><img loading=\"lazy\" class=\"alignnone\" title=\"Excma. Sra. D\u00f1a. Rosa Mar\u00eda Calaf Sol\u00e9\" src=\"https:\/\/www.umh.es\/img\/honoris-causa\/rosa_maria_calaf.jpg\" alt=\"Excma. Sra. D\u00f1a. Rosa Mar\u00eda Calaf Sol\u00e9\" width=\"110\" height=\"165\" \/> <a href=\"https:\/\/protocolo.umh.es\/files\/2022\/04\/Magnolio-300x236-1.jpg\"><img loading=\"lazy\" class=\"alignnone wp-image-29405\" src=\"https:\/\/protocolo.umh.es\/files\/2022\/04\/Magnolio-300x236-1.jpg\" alt=\"\" width=\"206\" height=\"162\" \/><\/a><\/div>\n<div>\n<p><strong>Excellency Ms. <a href=\"https:\/\/protocolo.umh.es\/2010\/07\/08\/solemne-acto-de-investidura-de-la-excma-sra-da-rosa-ma-calaf-sole-como-doctora-honoris-causa-el-18-de-junio-de-2010\/\">Rosa Mar\u00eda Calaf Sol\u00e9<\/a><\/strong><\/p>\n<p>Invested June 18, 2010<\/p>\n<p><a href=\"https:\/\/protocolo.umh.es\/jardin-de-los-honoris\/magnolio\/\"><span style=\"color: #ff0000\">Magnolio &#8211; Magnolia grandiflora; L.<\/span><\/a><\/p>\n<hr \/>\n<\/div>\n<\/div>\n<\/div>\n<div class=\"columnaMitadD\">\n<div class=\"colsContainer\">\n<div><img loading=\"lazy\" class=\"alignnone\" title=\"Excmo. Sr. D. David \u00c1lvarez D\u00edaz\" src=\"https:\/\/www.umh.es\/img\/honoris-causa\/david_alvarez_diaz.jpg\" alt=\"Excmo. Sr. D. David \u00c1lvarez D\u00edaz\" width=\"123\" height=\"185\" \/><a href=\"https:\/\/protocolo.umh.es\/files\/2021\/06\/Diapositiva41.jpg\"><img loading=\"lazy\" class=\"size-medium wp-image-25581 alignnone\" src=\"https:\/\/protocolo.umh.es\/files\/2021\/06\/Diapositiva41-300x225.jpg\" alt=\"\" width=\"300\" height=\"225\" srcset=\"https:\/\/protocolo.umh.es\/files\/2021\/06\/Diapositiva41-300x225.jpg 300w, https:\/\/protocolo.umh.es\/files\/2021\/06\/Diapositiva41-768x576.jpg 768w, https:\/\/protocolo.umh.es\/files\/2021\/06\/Diapositiva41.jpg 960w\" sizes=\"(max-width: 300px) 100vw, 300px\" \/><\/a><\/div>\n<div>\n<p><strong>Excellency Mr. <a href=\"https:\/\/protocolo.umh.es\/2010\/05\/25\/solemne-acto-de-investidura-del-excmo-sr-d-david-alvarez-diez-como-doctor-honoris-causa-el-24-de-mayo-de-2010\/\">David \u00c1lvarez D\u00edaz<\/a><\/strong><\/p>\n<p>Invested May 24, 2010<\/p>\n<p><a href=\"https:\/\/protocolo.umh.es\/jardin-de-los-honoris\/olivo\/\"><span style=\"color: #ff0000\">Olivo &#8211; Olea europaea; L.<\/span><\/a><\/p>\n<hr \/>\n<div class=\"columnaMitadI\">\n<div class=\"colsContainer\">\n<div>\n<div class=\"columnaMitadI\">\n<div class=\"colsContainer\">\n<div><img title=\"Excmo. Sr. D. Robert Wayne Shaw\" src=\"https:\/\/www.umh.es\/img\/honoris-causa\/robert_wayne_shaw.jpg\" alt=\"Excmo. Sr. D. Robert Wayne Shaw\" \/><\/div>\n<div>\n<p><strong>Excellency Mr. <a href=\"https:\/\/protocolo.umh.es\/2010\/04\/23\/solemne-acto-de-apertura-del-curso-academico-2009-2010-e-investidura-del-excmo-sr-d-robert-wayne-shaw-como-doctor-honoris-causa-2\/\">Robert Wayne Shaw<\/a><\/strong><\/p>\n<p>Invested October 2, 2009<\/p>\n<hr \/>\n<\/div>\n<\/div>\n<\/div>\n<div class=\"columnaMitadD\">\n<div class=\"colsContainer\">\n<div><img loading=\"lazy\" class=\"alignnone\" title=\"Excmo. Sr. D. Mill\u00e1n Mill\u00e1n Mu\u00f1oz\" src=\"https:\/\/www.umh.es\/img\/honoris-causa\/Sr_D_millan_millan.jpg\" alt=\"Excmo. Sr. D. Mill\u00e1n Mill\u00e1n Mu\u00f1oz\" width=\"123\" height=\"185\" \/><img loading=\"lazy\" class=\"wp-image-25584 alignnone\" src=\"https:\/\/protocolo.umh.es\/files\/2021\/06\/Diapositiva8-CEDRO-300x225.jpg\" alt=\"\" width=\"245\" height=\"184\" srcset=\"https:\/\/protocolo.umh.es\/files\/2021\/06\/Diapositiva8-CEDRO-300x225.jpg 300w, https:\/\/protocolo.umh.es\/files\/2021\/06\/Diapositiva8-CEDRO-768x576.jpg 768w, https:\/\/protocolo.umh.es\/files\/2021\/06\/Diapositiva8-CEDRO.jpg 960w\" sizes=\"(max-width: 245px) 100vw, 245px\" \/><\/div>\n<div>\n<p><strong>Excellency Mr. <a href=\"https:\/\/protocolo.umh.es\/2022\/04\/07\/festividad-de-santo-tomas-de-aquino-e-investidura-del-exmo-sr-d-millan-millan-munoz-como-doctor-honoris-causa-28-de-enero-de-2009\/\">Mill\u00e1n Mill\u00e1n Mu\u00f1oz<\/a><\/strong><\/p>\n<p>Invested January 28, 2009<\/p>\n<p><a href=\"https:\/\/protocolo.umh.es\/jardin-de-los-honoris\/cedro-del-himalaya\/\"><span style=\"color: #ff0000\">Cedro del Himalaya &#8211; Cedrus deodara; (D. Don) G. Don<\/span><\/a><\/p>\n<hr \/>\n<\/div>\n<\/div>\n<\/div>\n<\/div>\n<div><img title=\"Excmo. Sr. D. George F. Smoot\" src=\"https:\/\/www.umh.es\/img\/honoris-causa\/Sr_D_smooth.jpg\" alt=\"Excmo. Sr. D. George F. Smoot\" \/><\/div>\n<div><strong>Excellency Mr. <a href=\"https:\/\/protocolo.umh.es\/2020\/04\/06\/acto-de-investidura-del-excmo-sr-d-george-f-smoot-como-doctor-honoris-causa-el-28-de-noviembre-de-2008\/\">George F. Smoot<\/a><\/strong><\/div>\n<div>\n<p>Invested November 28, 2008<\/p>\n<hr \/>\n<\/div>\n<\/div>\n<\/div>\n<div class=\"columnaMitadD\">\n<div class=\"colsContainer\">\n<div><img loading=\"lazy\" class=\"alignnone\" title=\"Excmo. Sr. D. Rafael Ben\u00edtez\" src=\"https:\/\/www.umh.es\/img\/honoris-causa\/Rafa_Benitez.jpg\" alt=\"Excmo. Sr. D. Rafael Ben\u00edtez\" width=\"122\" height=\"183\" \/><img loading=\"lazy\" class=\"alignnone\" src=\"https:\/\/upload.wikimedia.org\/wikipedia\/commons\/thumb\/b\/b7\/Pino_carrasco_%2815757230892%29.jpg\/800px-Pino_carrasco_%2815757230892%29.jpg\" alt=\"Archivo:Pino carrasco (15757230892).jpg\" width=\"238\" height=\"179\" \/><\/div>\n<div>\n<p><strong>Excellency Mr. <a href=\"https:\/\/comunicacion.umh.es\/2008\/10\/24\/dhc-rafael-benitez-maudes\/\">Rafael Ben\u00edtez<\/a><\/strong><\/p>\n<p>Invested June 4, 2008<\/p>\n<p><a href=\"https:\/\/protocolo.umh.es\/jardin-de-los-honoris\/pino-carrasco\/\"><span style=\"color: #ff0000\">Pino carrasco &#8211; Pinus halepensis; L.<\/span><\/a><\/p>\n<hr \/>\n<\/div>\n<\/div>\n<\/div>\n<\/div>\n<\/div>\n<\/div>\n<\/div>\n<\/div>\n<\/div>\n<\/div>\n<\/div>\n<\/div>\n<\/div>\n<div><img title=\"Excmo. Sr. D. Sean Scully\" src=\"https:\/\/www.umh.es\/img\/honoris-causa\/Scully.jpg\" alt=\"Excmo. Sr. D. Sean Scully\" \/><\/div>\n<div>\n<p><strong>Excellency Mr. <a href=\"https:\/\/comunicacion.umh.es\/2007\/02\/26\/solemne-acto-de-investidura-del-excmo-sr-d-sean-scully\/\">Sean Scully<\/a><\/strong><\/p>\n<p>Invested February 26, 2007<\/p>\n<hr \/>\n<div><img title=\"Excmo. Sr. D. Manuel Vald\u00e9s\" src=\"https:\/\/www.umh.es\/img\/honoris-causa\/Manuel-Valdes.jpg\" alt=\"Excmo. Sr. D. Manuel Vald\u00e9s\" \/><\/div>\n<div>\n<p><strong>Excellency Mr. <a href=\"https:\/\/comunicacion.umh.es\/2006\/10\/01\/solemne-acto-de-apertura-del-curso-acadmico-2006-2007-e-investidura-del-excmo-sr-d-manuel-valds-como-doctor-honoris-causa\/\">Manuel Vald\u00e9s<\/a><\/strong><\/p>\n<p>Invested October 6, 2006<\/p>\n<hr \/>\n<div class=\"columnaMitadI\">\n<div class=\"colsContainer\">\n<div><img loading=\"lazy\" class=\"alignnone\" title=\"Excmo. Sr. D. Valent\u00edn Fuster\" src=\"https:\/\/www.umh.es\/img\/honoris-causa\/Valentin-Fuster.jpg\" alt=\"Excmo. Sr. D. Valent\u00edn Fuster\" width=\"135\" height=\"175\" \/><a href=\"https:\/\/protocolo.umh.es\/files\/2021\/06\/Diapositiva41.jpg\"><img loading=\"lazy\" class=\" wp-image-25581 alignnone\" src=\"https:\/\/protocolo.umh.es\/files\/2021\/06\/Diapositiva41-300x225.jpg\" alt=\"\" width=\"238\" height=\"178\" srcset=\"https:\/\/protocolo.umh.es\/files\/2021\/06\/Diapositiva41-300x225.jpg 300w, https:\/\/protocolo.umh.es\/files\/2021\/06\/Diapositiva41-768x576.jpg 768w, https:\/\/protocolo.umh.es\/files\/2021\/06\/Diapositiva41.jpg 960w\" sizes=\"(max-width: 238px) 100vw, 238px\" \/><\/a><\/div>\n<div>\n<p><strong>Excellency Mr. <a href=\"https:\/\/protocolo.umh.es\/2021\/05\/16\/investidura-del-excmo-sr-d-valentin-fuster-de-carulla-como-doctor-honoris-causa\/\">Valent\u00edn Fuster<\/a><\/strong><\/p>\n<p>Invested October 4, 2005<\/p>\n<p><a href=\"https:\/\/protocolo.umh.es\/jardin-de-los-honoris\/olivo\/\"><span style=\"color: #ff0000\">Olivo &#8211; Olea europaea; L.<\/span><\/a><\/p>\n<hr \/>\n<\/div>\n<\/div>\n<\/div>\n<div class=\"columnaMitadD\">\n<div class=\"colsContainer\">\n<div>\u00a0<img loading=\"lazy\" class=\"alignnone\" title=\"Excmo. Sr. D. Pedro Ruiz Torres\" src=\"https:\/\/www.umh.es\/img\/honoris-causa\/Pedro-Ruiz.jpg\" alt=\"Excmo. Sr. D. Pedro Ruiz Torres\" width=\"141\" height=\"173\" \/><a href=\"https:\/\/protocolo.umh.es\/files\/2021\/06\/Diapositiva8-CEDRO.jpg\"><img loading=\"lazy\" class=\" wp-image-25584 alignnone\" src=\"https:\/\/protocolo.umh.es\/files\/2021\/06\/Diapositiva8-CEDRO-300x225.jpg\" alt=\"\" width=\"253\" height=\"190\" srcset=\"https:\/\/protocolo.umh.es\/files\/2021\/06\/Diapositiva8-CEDRO-300x225.jpg 300w, https:\/\/protocolo.umh.es\/files\/2021\/06\/Diapositiva8-CEDRO-768x576.jpg 768w, https:\/\/protocolo.umh.es\/files\/2021\/06\/Diapositiva8-CEDRO.jpg 960w\" sizes=\"(max-width: 253px) 100vw, 253px\" \/><\/a><\/div>\n<div>\n<p><strong>Excellency Mr. <a href=\"https:\/\/protocolo.umh.es\/2021\/02\/11\/pedro-amat-munoz\/\">Pedro Amat Mu\u00f1oz<\/a><\/strong><\/p>\n<p>Invested October 29, 2004<\/p>\n<p><a href=\"https:\/\/protocolo.umh.es\/jardin-de-los-honoris\/cedro-del-himalaya\/\"><span style=\"color: #ff0000\">Cedro del Himalaya &#8211; Cedrus deodara; (D. Don) G. Don<\/span><\/a><\/p>\n<hr \/>\n<\/div>\n<\/div>\n<\/div>\n<div class=\"columnaMitadI\">\n<div class=\"colsContainer\">\n<p><strong><a href=\"https:\/\/protocolo.umh.es\/files\/2022\/02\/pedro-ruiz-2.jpg\"><img loading=\"lazy\" class=\"alignnone wp-image-28915\" src=\"https:\/\/protocolo.umh.es\/files\/2022\/02\/pedro-ruiz-2.jpg\" alt=\"\" width=\"181\" height=\"206\" srcset=\"https:\/\/protocolo.umh.es\/files\/2022\/02\/pedro-ruiz-2.jpg 941w, https:\/\/protocolo.umh.es\/files\/2022\/02\/pedro-ruiz-2-264x300.jpg 264w, https:\/\/protocolo.umh.es\/files\/2022\/02\/pedro-ruiz-2-900x1024.jpg 900w, https:\/\/protocolo.umh.es\/files\/2022\/02\/pedro-ruiz-2-768x874.jpg 768w\" sizes=\"(max-width: 181px) 100vw, 181px\" \/><\/a> <a href=\"https:\/\/protocolo.umh.es\/files\/2021\/06\/Diapositiva47.jpg\"><img loading=\"lazy\" class=\"size-medium wp-image-25545 alignnone\" src=\"https:\/\/protocolo.umh.es\/files\/2021\/06\/Diapositiva47-300x225.jpg\" alt=\"\" width=\"300\" height=\"225\" srcset=\"https:\/\/protocolo.umh.es\/files\/2021\/06\/Diapositiva47-300x225.jpg 300w, https:\/\/protocolo.umh.es\/files\/2021\/06\/Diapositiva47-768x576.jpg 768w, https:\/\/protocolo.umh.es\/files\/2021\/06\/Diapositiva47.jpg 960w\" sizes=\"(max-width: 300px) 100vw, 300px\" \/><\/a><\/strong><\/p>\n<p><strong>Excellency Mr. <a href=\"https:\/\/protocolo.umh.es\/2022\/02\/14\/pedro-ruiz-torres\/\">Pedro Ruiz Torres<\/a><\/strong><\/p>\n<p>Invested October 29, 2004<\/p>\n<p><a href=\"https:\/\/protocolo.umh.es\/jardin-de-los-honoris\/granado\/\"><span style=\"color: #ff0000\">Granado &#8211; Punica granatum; L.<\/span><\/a><\/p>\n<hr \/>\n<\/div>\n<\/div>\n<div class=\"columnaMitadD\">\n<div class=\"colsContainer\">\n<div><img loading=\"lazy\" class=\"alignnone\" title=\"Excma. Sra. D\u00f1a. Araceli Maci\u00e1 Ant\u00f3n\" src=\"https:\/\/www.umh.es\/img\/honoris-causa\/Araceli-Macia.jpg\" alt=\"Excma. Sra. D\u00f1a. Araceli Maci\u00e1 Ant\u00f3n\" width=\"128\" height=\"192\" \/><a href=\"https:\/\/protocolo.umh.es\/files\/2021\/06\/Diapositiva47.jpg\"><img loading=\"lazy\" class=\"size-medium wp-image-25545 alignnone\" src=\"https:\/\/protocolo.umh.es\/files\/2021\/06\/Diapositiva47-300x225.jpg\" alt=\"\" width=\"300\" height=\"225\" srcset=\"https:\/\/protocolo.umh.es\/files\/2021\/06\/Diapositiva47-300x225.jpg 300w, https:\/\/protocolo.umh.es\/files\/2021\/06\/Diapositiva47-768x576.jpg 768w, https:\/\/protocolo.umh.es\/files\/2021\/06\/Diapositiva47.jpg 960w\" sizes=\"(max-width: 300px) 100vw, 300px\" \/><\/a><\/div>\n<div>\n<p><strong>Excellency Ms. <a href=\"https:\/\/protocolo.umh.es\/2022\/02\/14\/araceli-macia-anton\/\">Araceli Maci\u00e1 Ant\u00f3n<\/a><\/strong><\/p>\n<p>Invested October 29, 2004<\/p>\n<p><a href=\"https:\/\/protocolo.umh.es\/jardin-de-los-honoris\/granado\/\"><span style=\"color: #ff0000\">Granado &#8211; Punica granatum; L.<\/span><\/a><\/p>\n<hr \/>\n<\/div>\n<\/div>\n<\/div>\n<div class=\"columnaMitadI\">\n<div class=\"colsContainer\">\n<div><img loading=\"lazy\" class=\"alignnone\" title=\"Excmo. Sr. D. Joaqu\u00edn Fuster de Carulla\" src=\"https:\/\/www.umh.es\/img\/honoris-causa\/Joaquin-Fuster.jpg\" alt=\"Excmo. Sr. D. Joaqu\u00edn Fuster de Carulla\" width=\"147\" height=\"165\" \/> <a href=\"https:\/\/protocolo.umh.es\/files\/2022\/05\/Arbol-del-coral.png\"><img loading=\"lazy\" class=\"alignnone wp-image-29601\" src=\"https:\/\/protocolo.umh.es\/files\/2022\/05\/Arbol-del-coral-300x197.png\" alt=\"\" width=\"248\" height=\"163\" srcset=\"https:\/\/protocolo.umh.es\/files\/2022\/05\/Arbol-del-coral-300x197.png 300w, https:\/\/protocolo.umh.es\/files\/2022\/05\/Arbol-del-coral.png 444w\" sizes=\"(max-width: 248px) 100vw, 248px\" \/><\/a><\/div>\n<div><strong>Excellency Mr. <a href=\"https:\/\/protocolo.umh.es\/2021\/05\/16\/investidura-del-excmo-sr-d-joaquin-fuster-de-carulla-como-doctor-honoris-causa\/\">Joaqu\u00edn Fuster de Carulla<\/a><\/strong><\/div>\n<div>\n<p>Invested May 21, 2004<\/p>\n<p><a href=\"https:\/\/protocolo.umh.es\/jardin-de-los-honoris\/arbol-del-coral\/\"><span style=\"color: #ff0000\">\u00c1rbol del coral &#8211; <em>Erythrina caffra;<\/em> Thunb<\/span><\/a><\/p>\n<hr \/>\n<\/div>\n<\/div>\n<\/div>\n<div class=\"columnaMitadD\">\n<div class=\"colsContainer\">\n<div><img loading=\"lazy\" class=\"alignnone\" title=\"Excmo. Sr. D. Jos\u00e9 Antonio Escudero \" src=\"https:\/\/www.umh.es\/img\/honoris-causa\/Jose-Antonio-Escudero.jpg\" alt=\"Excmo. Sr. D. Jos\u00e9 Antonio Escudero \" width=\"171\" height=\"180\" \/><a href=\"https:\/\/protocolo.umh.es\/files\/2021\/06\/Diapositiva45.jpg\"><img loading=\"lazy\" class=\"wp-image-25593 alignnone\" src=\"https:\/\/protocolo.umh.es\/files\/2021\/06\/Diapositiva45-300x225.jpg\" alt=\"\" width=\"263\" height=\"197\" srcset=\"https:\/\/protocolo.umh.es\/files\/2021\/06\/Diapositiva45-300x225.jpg 300w, https:\/\/protocolo.umh.es\/files\/2021\/06\/Diapositiva45-768x576.jpg 768w, https:\/\/protocolo.umh.es\/files\/2021\/06\/Diapositiva45.jpg 960w\" sizes=\"(max-width: 263px) 100vw, 263px\" \/><\/a><\/div>\n<div>\n<p><strong>Excellency Mr. <a href=\"https:\/\/comunicacion.umh.es\/2004\/01\/28\/solemne-acto-de-acadmico-con-motivo-de-la-festividad-de-santo-toms-de-aquino-e-investidura-del-excmo-sr-d-jos-antonio-escudero-como-doctor-honoris-causa\/\">Jos\u00e9 Antonio Escudero<\/a><\/strong><\/p>\n<p>Invested January 28, 2004<\/p>\n<p><a href=\"https:\/\/protocolo.umh.es\/jardin-de-los-honoris\/chopo-negro\/\"><span style=\"color: #ff0000\">Chopo &#8211; Populus nigra; L.<\/span><\/a><\/p>\n<hr \/>\n<div class=\"columnaMitadI\">\n<div class=\"colsContainer\">\n<div><img class=\"alignnone\" title=\"S.A.R. la Infanta Do\u00f1a Margarita de Borb\u00f3n\" src=\"https:\/\/www.umh.es\/img\/honoris-causa\/Infanta-Margarita.jpg\" alt=\"S.A.R. la Infanta Do\u00f1a Margarita de Borb\u00f3n\" \/> <a href=\"https:\/\/protocolo.umh.es\/files\/2022\/04\/Magnolio-300x236-1.jpg\"><img loading=\"lazy\" class=\"alignnone wp-image-29405\" src=\"https:\/\/protocolo.umh.es\/files\/2022\/04\/Magnolio-300x236-1.jpg\" alt=\"\" width=\"164\" height=\"129\" \/><\/a><\/div>\n<div>\n<p><a href=\"https:\/\/comunicacion.umh.es\/2003\/10\/01\/solemne-acto-de-apertura-del-curso-acadmico-2003-2004-e-investidura-de-sar-la-infanta-doa-margarita-de-borbn-como-doctora-honoris-causa\/\"><strong>S.A.R. la Infanta Do\u00f1a Margarita de Borb\u00f3n<\/strong><\/a><\/p>\n<p>Invested on October 7, 2003<\/p>\n<p><a href=\"https:\/\/protocolo.umh.es\/jardin-de-los-honoris\/magnolio\/\"><span style=\"color: #ff0000\">Magnolio &#8211; Magnolia grandiflora; L.<\/span><\/a><\/p>\n<hr \/>\n<\/div>\n<\/div>\n<\/div>\n<div class=\"columnaMitadD\">\n<div class=\"colsContainer\">\n<div><img loading=\"lazy\" class=\"alignnone\" title=\"Excmo. Sr. D. Josep Carreras Coll\" src=\"https:\/\/www.umh.es\/img\/honoris-causa\/Carreras.jpg\" alt=\"Excmo. Sr. D. Josep Carreras Coll\" width=\"148\" height=\"164\" \/><img loading=\"lazy\" class=\"alignnone\" src=\"https:\/\/upload.wikimedia.org\/wikipedia\/commons\/1\/16\/Cedrus_deodara_JPG1b.jpg\" width=\"110\" height=\"169\" \/><\/div>\n<div>\n<p><strong>Excellency Mr <a href=\"https:\/\/comunicacion.umh.es\/2003\/01\/09\/solemne-acto-de-investidura-del-excmo-sr-d-josep-carreras-coll\/\">Josep Carreras Coll<\/a><\/strong><\/p>\n<p>Invested January 9, 2003<\/p>\n<p><a href=\"https:\/\/protocolo.umh.es\/jardin-de-los-honoris\/cedro-del-himalaya\/\"><span style=\"color: #ff0000\">Cedro del Himalaya &#8211; Cedrus deodara; (D. Don) G. Don<\/span><\/a><\/p>\n<hr \/>\n<div class=\"columnaMitadI\">\n<div class=\"colsContainer\">\n<div><img loading=\"lazy\" class=\"alignnone\" title=\"Excmo. Sr. D. Juan Rod\u00e9s Teixidor \" src=\"https:\/\/www.umh.es\/img\/honoris-causa\/Rodes.jpg\" alt=\"Excmo. Sr. D. Juan Rod\u00e9s Teixidor \" width=\"113\" height=\"141\" \/><strong><img loading=\"lazy\" class=\"alignnone\" src=\"https:\/\/gestio.nougarden.com\/web\/image\/product.template\/15736\/image?unique=4521db2\" alt=\"Cinamomo - Melia azedarach - \u00c1rbol del para\u00edso\" width=\"187\" height=\"140\" \/><\/strong><\/div>\n<div>\n<p><strong>Excellency Mr. <a href=\"https:\/\/comunicacion.umh.es\/2002\/10\/04\/solemne-acto-de-apertura-del-curso-acadmico-2002-2003-e-investidura-de-los-excmos-sres-d-juan-rods-teixidor-y-luis-garca-berlanga-como-doctores-honoris-causa\/\">Juan Rod\u00e9s Teixidor<\/a><\/strong><\/p>\n<p>Invested October 4, 2002<\/p>\n<p><a href=\"https:\/\/protocolo.umh.es\/jardin-de-los-honoris\/cinamomo\/\"><span style=\"color: #ff0000\">Cinamomo &#8211; Melia azedarach; L. &#8216;umbraculifera&#8217;<\/span><\/a><\/p>\n<hr \/>\n<\/div>\n<\/div>\n<\/div>\n<div class=\"columnaMitadD\">\n<div class=\"colsContainer\">\n<div><img loading=\"lazy\" class=\"alignnone\" title=\"Excmo. Sr. D. Luis Garc\u00eda Berlanga\" src=\"https:\/\/www.umh.es\/img\/honoris-causa\/Berlanga.jpg\" alt=\"Excmo. Sr. D. Luis Garc\u00eda Berlanga\" width=\"119\" height=\"144\" \/><strong><img loading=\"lazy\" class=\"alignnone\" src=\"https:\/\/protocolo.umh.es\/files\/2021\/06\/ginko.jpg\" width=\"109\" height=\"146\" \/><\/strong><\/div>\n<div>\n<p><strong>Excellency Mr. <a href=\"https:\/\/comunicacion.umh.es\/2002\/10\/04\/solemne-acto-de-apertura-del-curso-acadmico-2002-2003-e-investidura-de-los-excmos-sres-d-juan-rods-teixidor-y-luis-garca-berlanga-como-doctores-honoris-causa\/\">Luis Garc\u00eda Berlanga<\/a><\/strong><\/p>\n<p>Invested October 4, 2002<\/p>\n<p><a href=\"https:\/\/protocolo.umh.es\/jardin-de-los-honoris\/ginkgo-biloba-l-arbol-de-las-pagodas-arbol-de-los-40-escudos\/\"><span style=\"color: #ff0000\">Ginkgo &#8211; Ginkgo biloba; L.<\/span><\/a><\/p>\n<hr \/>\n<\/div>\n<\/div>\n<\/div>\n<div class=\"columnaMitadI\">\n<div class=\"colsContainer\">\n<div><img loading=\"lazy\" class=\"alignnone\" title=\"Excmo. Sr. D. Egon Balas\" src=\"https:\/\/www.umh.es\/img\/honoris-causa\/Egon-Blas.jpg\" alt=\"Excmo. Sr. D. Egon Balas\" width=\"142\" height=\"165\" \/><strong><img loading=\"lazy\" class=\"alignnone\" src=\"https:\/\/images-na.ssl-images-amazon.com\/images\/I\/51nuGJBW1NL._AC_.jpg\" alt=\"Deodar Cedar, (cedro del Himalaya), Cedrus Deodara, &amp;Aacute;rbol 10 Semillas\" width=\"128\" height=\"171\" \/><\/strong><\/div>\n<div>\n<p><strong>Excellency Mr. <a href=\"https:\/\/comunicacion.umh.es\/2002\/09\/25\/solemne-acto-de-investidura-del-excmo-sr-d-egon-balas\/\">Egon Balas<\/a><\/strong><\/p>\n<p>Invested September 25, 2002<\/p>\n<p><a href=\"https:\/\/protocolo.umh.es\/jardin-de-los-honoris\/cedro-del-himalaya\/\"><span style=\"color: #ff0000\">Cedro del Himalaya &#8211; Cedrus deodara; (D. Don) G. Don<\/span><\/a><\/p>\n<hr \/>\n<\/div>\n<\/div>\n<\/div>\n<div class=\"columnaMitadD\">\n<div class=\"colsContainer\">\n<div><img class=\"alignnone\" title=\"Excmo. Sr. D. Antonio Garc\u00eda-Bellido y Garc\u00eda de Diego\" src=\"https:\/\/www.umh.es\/img\/honoris-causa\/Antonio-Garcia-Bellido.jpg\" alt=\"Excmo. Sr. D. Antonio Garc\u00eda-Bellido y Garc\u00eda de Diego\" \/><strong><img loading=\"lazy\" class=\"alignnone\" src=\"https:\/\/i.pinimg.com\/originals\/ec\/92\/dd\/ec92ddf2d42b8759d66b2379a1589c60.jpg\" alt=\"Olivo. http:\/\/www.elhogarnatural.com\/Frutales%20y%20Frutos.htm | Especies de arboles, Plantaci\u00f3n de \u00e1rboles, Olivo arbol\" width=\"101\" height=\"135\" \/><\/strong><\/div>\n<div>\n<p><strong>Excellency Mr. <a href=\"https:\/\/comunicacion.umh.es\/2002\/01\/28\/solemne-acto-de-investidura-del-excmo-sr-d-antonio-garca-bellido\/\">Antonio Garc\u00eda-Bellido y Garc\u00eda de Diego<\/a><\/strong><\/p>\n<p>Invested January 28, 2002<\/p>\n<p><a href=\"https:\/\/protocolo.umh.es\/jardin-de-los-honoris\/olivo\/\"><span style=\"color: #ff0000\">Olivo &#8211; Olea europaea; L.<\/span><\/a><\/p>\n<hr \/>\n<div><img loading=\"lazy\" class=\"alignnone\" title=\"Excmo. Sr. D. Friederich Wilhemeigler \" src=\"https:\/\/www.umh.es\/img\/honoris-causa\/friederichwilhem.jpg\" alt=\"Excmo. Sr. D. Friederich Wilhemeigler \" width=\"125\" height=\"159\" \/><strong><img loading=\"lazy\" class=\"alignnone\" src=\"https:\/\/protocolo.umh.es\/files\/2021\/06\/ginko.jpg\" width=\"119\" height=\"159\" \/><\/strong><\/div>\n<div>\n<p><strong>Excellency Mr. <a href=\"https:\/\/protocolo.umh.es\/2022\/02\/14\/friedrich-wilhelm-eigler\/\">Friederich Wilhemeigler<\/a><\/strong><\/p>\n<p>Invested January 26, 2001<\/p>\n<p><a href=\"https:\/\/protocolo.umh.es\/jardin-de-los-honoris\/ginkgo-biloba-l-arbol-de-las-pagodas-arbol-de-los-40-escudos\/\"><span style=\"color: #ff0000\">Ginkgo &#8211; Ginkgo biloba; L.<\/span><\/a><\/p>\n<hr \/>\n<div class=\"columnaMitadI\">\n<div class=\"colsContainer\">\n<div><img loading=\"lazy\" class=\"alignnone\" title=\"Excmo. Sr D. Federico Mayor Zaragoza\" src=\"https:\/\/www.umh.es\/img\/honoris-causa\/Federico-Mayor.jpg\" alt=\"Excmo. Sr D. Federico Mayor Zaragoza\" width=\"140\" height=\"133\" \/><strong><img loading=\"lazy\" class=\"alignnone\" src=\"https:\/\/i.pinimg.com\/originals\/ec\/92\/dd\/ec92ddf2d42b8759d66b2379a1589c60.jpg\" alt=\"Olivo. http:\/\/www.elhogarnatural.com\/Frutales%20y%20Frutos.htm | Especies de arboles, Plantaci\u00f3n de \u00e1rboles, Olivo arbol\" width=\"99\" height=\"132\" \/><\/strong><\/div>\n<div>\n<p><strong>Excellency Mr. <a href=\"https:\/\/comunicacion.umh.es\/2000\/10\/03\/solemne-acto-de-apertura-del-curso-academico-2000-2001-e-investidura-del-excmo-srd-federido-mayor-zaragoza-como-doctor-honoris-causa\/\">Federico Mayor Zaragoza<\/a><\/strong><\/p>\n<p>Invested on October 3, 2000<\/p>\n<p><a href=\"https:\/\/protocolo.umh.es\/jardin-de-los-honoris\/olivo\/\"><span style=\"color: #ff0000\">Olivo &#8211; Olea europaea; L.<\/span><\/a><\/p>\n<hr \/>\n<\/div>\n<\/div>\n<\/div>\n<div class=\"columnaMitadD\">\n<div class=\"colsContainer\">\n<div><img class=\"alignnone\" title=\"Excmo. Sr D. Stephanus Hendrikus Tijs\" src=\"https:\/\/www.umh.es\/img\/honoris-causa\/Stephaus-Hendrikus.jpg\" alt=\"Excmo. Sr D. Stephanus Hendrikus Tijs\" \/><strong><img loading=\"lazy\" class=\"alignnone\" src=\"http:\/\/2.bp.blogspot.com\/_ST_RqnMB-pQ\/TUx11BSIK6I\/AAAAAAAAANE\/eQYrOKFi5a4\/s1600\/6022+P+Magnolio+110920091161.jpg\" width=\"110\" height=\"146\" \/><\/strong><\/div>\n<div>\n<p><strong>Excellency Mr. <a href=\"https:\/\/protocolo.umh.es\/2000\/09\/27\/solemne-acto-de-investidura-del-excmo-sr-d-stephanus-hendrikus-tijs-como-doctor-honoris-causa\/\">Stephanus Hendrikus Tijs<\/a><\/strong><\/p>\n<p>Invested September 27, 2000<\/p>\n<p><a href=\"https:\/\/protocolo.umh.es\/jardin-de-los-honoris\/magnolio\/\"><span style=\"color: #ff0000\">Magnolio &#8211; Magnolia grandiflora; L.<\/span><\/a><\/p>\n<hr \/>\n<div class=\"columnaMitadI\">\n<div class=\"colsContainer\">\n<div><img class=\"alignnone\" title=\"Excmo. Sr D. Jos\u00e9 \u00c1ngel S\u00e1nchez Asia\u00edn\" src=\"https:\/\/www.umh.es\/img\/honoris-causa\/Sanchez-Asiain.jpg\" alt=\"Excmo. Sr D. Jos\u00e9 \u00c1ngel S\u00e1nchez Asia\u00edn\" \/> <a href=\"https:\/\/protocolo.umh.es\/files\/2022\/04\/Magnolio-300x236-1.jpg\"><img loading=\"lazy\" class=\"alignnone wp-image-29405\" src=\"https:\/\/protocolo.umh.es\/files\/2022\/04\/Magnolio-300x236-1.jpg\" alt=\"\" width=\"146\" height=\"115\" \/><\/a><\/div>\n<div>\n<p><strong>Excellency Mr. <a href=\"https:\/\/protocolo.umh.es\/2022\/02\/11\/jose-angel-sanchez-asiain\/\">Jos\u00e9 \u00c1ngel S\u00e1nchez Asia\u00edn<\/a><\/strong><\/p>\n<p>Invested October 20, 1999<\/p>\n<p><a href=\"https:\/\/protocolo.umh.es\/jardin-de-los-honoris\/magnolio\/\"><span style=\"color: #ff0000\">Magnolio &#8211; Magnolia grandiflora; L.<\/span><\/a><\/p>\n<hr \/>\n<\/div>\n<\/div>\n<\/div>\n<div class=\"columnaMitadD\">\n<div class=\"colsContainer\">\n<div><img loading=\"lazy\" class=\"alignnone\" title=\"Excmo. Sr D. Fernando \u00c1lvarez de Miranda\" src=\"https:\/\/www.umh.es\/img\/honoris-causa\/Fernando-Alvarez-Miranda.jpg\" alt=\"Excmo. Sr D. Fernando \u00c1lvarez de Miranda\" width=\"120\" height=\"145\" \/><strong><img loading=\"lazy\" class=\"alignnone\" src=\"https:\/\/media.verdify.es\/product\/fresno-comun-fraxinus-excelsior-800x800_exfi2vU.jpeg\" alt=\"Fresno com\u00fan- Fraxinus excelsior \u2014 Verdify\" width=\"108\" height=\"144\" \/><\/strong><\/div>\n<div>\n<p><strong>Excellency Mr. <a href=\"https:\/\/protocolo.umh.es\/2021\/02\/11\/28855\/\">Fernando \u00c1lvarez de Miranda<\/a><\/strong><\/p>\n<p>Invested October 4, 1999<\/p>\n<p><a href=\"https:\/\/protocolo.umh.es\/jardin-de-los-honoris\/fresno-comun\/\"><span style=\"color: #ff0000\">Fresno com\u00fan &#8211; Fraxinus excelsior; L.<\/span><\/a><\/p>\n<hr \/>\n<\/div>\n<\/div>\n<\/div>\n<div class=\"columnaMitadI\">\n<div class=\"colsContainer\">\n<div><img loading=\"lazy\" class=\"alignnone\" title=\"Excmo. Sr D. David Cox\" src=\"https:\/\/www.umh.es\/img\/honoris-causa\/David-Cox.jpg\" alt=\"Excmo. Sr D. David Cox\" width=\"117\" height=\"126\" \/><strong><img loading=\"lazy\" class=\"alignnone\" src=\"http:\/\/2.bp.blogspot.com\/-t6vhJ9Z6fyM\/UvaD56E42aI\/AAAAAAAACw8\/qklM7zNTd7U\/s1600\/Magnolia_grandiflora_Tree.jpg\" width=\"172\" height=\"124\" \/><\/strong><\/div>\n<div>\n<p><strong>Excellency Mr. <a href=\"https:\/\/protocolo.umh.es\/2022\/02\/11\/david-cox\/\">David Cox<\/a><\/strong><\/p>\n<p>Invested September 22, 1999<\/p>\n<p><a href=\"https:\/\/protocolo.umh.es\/jardin-de-los-honoris\/magnolio\/\"><span style=\"color: #ff0000\">Magnolio &#8211; Magnolia grandiflora; L.<\/span><\/a><\/p>\n<hr \/>\n<div class=\"columnaMitadI\">\n<div class=\"colsContainer\">\n<div><img loading=\"lazy\" class=\"alignnone\" title=\"Excmo. Sr D. Pedro La\u00edn Entralgo\" src=\"https:\/\/www.umh.es\/img\/honoris-causa\/Pedro-Lain.jpg\" alt=\"Excmo. Sr D. Pedro La\u00edn Entralgo\" width=\"114\" height=\"146\" \/><strong><img loading=\"lazy\" class=\"alignnone\" src=\"https:\/\/hablemosdeaves.com\/wp-content\/uploads\/2020\/12\/OLIVO-1.jpg\" alt=\"OLIVO, CARACTER\u00cdSTICAS, CULTIVO Y USO DE ESTE \u00c1RBOL\" width=\"194\" height=\"146\" \/><\/strong><\/div>\n<div>\n<p><strong>Excellency Mr. <a href=\"https:\/\/protocolo.umh.es\/2022\/02\/14\/pedro-lain-entralgo\/\">Pedro La\u00edn Entralgo<\/a><\/strong><\/p>\n<p>Invested October 23, 1998<\/p>\n<p><a href=\"https:\/\/protocolo.umh.es\/jardin-de-los-honoris\/olivo\/\"><span style=\"color: #ff0000\">Olivo &#8211; Olea europaea; L.<\/span><\/a><\/p>\n<hr \/>\n<\/div>\n<\/div>\n<\/div>\n<div class=\"columnaMitadD\">\n<div class=\"colsContainer\">\n<div><img loading=\"lazy\" class=\"alignnone\" title=\"Excmo. Sr D. Miguel Hern\u00e1ndez a t\u00edtulo p\u00f3stumo\" src=\"https:\/\/www.umh.es\/img\/honoris-causa\/honoris-hernandez.jpg\" alt=\"Excmo. Sr D. Miguel Hern\u00e1ndez a t\u00edtulo p\u00f3stumo\" width=\"124\" height=\"141\" \/><a href=\"https:\/\/protocolo.umh.es\/files\/2021\/06\/Diapositiva27-2.jpg\"><img loading=\"lazy\" class=\"wp-image-25596 alignnone\" src=\"https:\/\/protocolo.umh.es\/files\/2021\/06\/Diapositiva27-2-300x225.jpg\" alt=\"\" width=\"239\" height=\"179\" srcset=\"https:\/\/protocolo.umh.es\/files\/2021\/06\/Diapositiva27-2-300x225.jpg 300w, https:\/\/protocolo.umh.es\/files\/2021\/06\/Diapositiva27-2-768x576.jpg 768w, https:\/\/protocolo.umh.es\/files\/2021\/06\/Diapositiva27-2.jpg 960w\" sizes=\"(max-width: 239px) 100vw, 239px\" \/><\/a><\/div>\n<div>\n<p><strong>Excellency Mr. <a href=\"https:\/\/protocolo.umh.es\/2022\/01\/14\/miguel-hernandez\/\">Miguel Hern\u00e1ndez<\/a> a t\u00edtulo p\u00f3stumo<\/strong><\/p>\n<p>Invested October 19, 1998<\/p>\n<p><a href=\"https:\/\/protocolo.umh.es\/jardin-de-los-honoris\/higuera\/\"><span style=\"color: #ff0000\">Higuera &#8211; Ficus carica; L.<\/span><\/a><\/p>\n<hr \/>\n<\/div>\n<\/div>\n<\/div>\n<div class=\"columnaMitadI\">\n<div class=\"colsContainer\">\n<div><img title=\"Excmo. Sr D. David Hunter Hubel\" src=\"https:\/\/www.umh.es\/img\/honoris-causa\/hunter-hubel.jpg\" alt=\"Excmo. Sr D. David Hunter Hubel\" \/><\/div>\n<div>\n<p><strong>Excellency Mr. <a href=\"https:\/\/protocolo.umh.es\/2022\/02\/14\/david-hunter-hubel\/\">David Hunter Hubel<\/a><\/strong><\/p>\n<p>Invested October 3, 1998<\/p>\n<hr \/>\n<\/div>\n<\/div>\n<\/div>\n<div class=\"columnaMitadD\">\n<div class=\"colsContainer\">\n<div><img loading=\"lazy\" class=\"alignnone\" title=\"Excmo. Sr D. Torsten N. Wiesel\" src=\"https:\/\/www.umh.es\/img\/honoris-causa\/torsten-wiessel.jpg\" alt=\"Excmo. Sr D. Torsten N. Wiesel\" width=\"94\" height=\"146\" \/><strong><img loading=\"lazy\" class=\"alignnone\" src=\"http:\/\/4.bp.blogspot.com\/--VggMkn79Ss\/TifxxEl8ybI\/AAAAAAAAAQM\/b7eKKNFM540\/s1600\/Pinus+Halepensis.jpg\" alt=\"Montes: El pino carrasco, un \u00e1rbol valenciano\" width=\"205\" height=\"143\" \/><\/strong><\/div>\n<div>\n<p><strong>Excellency Mr. <a href=\"https:\/\/protocolo.umh.es\/2022\/02\/14\/torsten-nils-wiesel\/\">Torsten N. Wiesel<\/a><\/strong><\/p>\n<p>Invested October 3, 1998<\/p>\n<p><span style=\"color: #ff0000\">Pino carrasco &#8211; Pinus halepensis; L.<\/span><\/p>\n<hr \/>\n<\/div>\n<\/div>\n<\/div>\n<div class=\"columnaMitadI\">\n<div class=\"colsContainer\">\n<div><img class=\"alignnone\" title=\"Excmo. Sr D. Jaime Carvajal y Urquijo\" src=\"https:\/\/www.umh.es\/img\/honoris-causa\/Jaime-carvajal.jpg\" alt=\"Excmo. Sr D. Jaime Carvajal y Urquijo\" \/><strong><img loading=\"lazy\" class=\"alignnone\" src=\"https:\/\/www.juanvilar.com\/wp-content\/uploads\/2021\/01\/OLIVO-DE-ILO.jpg\" alt=\"OLIVO DE ILO - JUAN VILAR CONSULTOR ESTRATEGICO\" width=\"110\" height=\"146\" \/><\/strong><\/div>\n<div>\n<p><strong>Excellency Mr.<a href=\"https:\/\/protocolo.umh.es\/2022\/02\/14\/jaime-carvajal-y-urquijo\/\"> Jaime Carvajal y Urquijo<\/a><\/strong><\/p>\n<p>Invested October 3, 1998<\/p>\n<p><a href=\"https:\/\/protocolo.umh.es\/jardin-de-los-honoris\/olivo\/\"><span style=\"color: #ff0000\">Olivo &#8211; Olea europaea; L.<\/span><\/a><\/p>\n<hr \/>\n<div class=\"columnaMitadI\">\n<div class=\"colsContainer\">\n<div><img loading=\"lazy\" class=\"alignnone\" title=\"Excmo. Sr D. Alfonso Esc\u00e1mez L\u00f3pez\" src=\"https:\/\/www.umh.es\/img\/honoris-causa\/Alfonso-Escamez.jpg\" alt=\"Excmo. Sr D. Alfonso Esc\u00e1mez L\u00f3pez\" width=\"109\" height=\"129\" \/><strong><img loading=\"lazy\" class=\"alignnone\" src=\"https:\/\/hablemosdeaves.com\/wp-content\/uploads\/2020\/12\/OLIVO-1.jpg\" alt=\"OLIVO, CARACTER\u00cdSTICAS, CULTIVO Y USO DE ESTE \u00c1RBOL\" width=\"170\" height=\"127\" \/><\/strong><\/div>\n<div>\n<p><strong>Excellency Mr. <a href=\"https:\/\/protocolo.umh.es\/2022\/02\/14\/alfonso-escamez-lopez\/\">Alfonso Esc\u00e1mez L\u00f3pez<\/a><\/strong><\/p>\n<p>Invested October 7, 1997<\/p>\n<p><a href=\"https:\/\/protocolo.umh.es\/jardin-de-los-honoris\/olivo\/\"><span style=\"color: #ff0000\">Olivo &#8211; Olea europaea; L.<\/span><\/a><\/p>\n<hr \/>\n<\/div>\n<\/div>\n<\/div>\n<div class=\"columnaMitadD\">\n<div class=\"colsContainer\">\n<div><img loading=\"lazy\" class=\"alignnone\" title=\"Excmo. Sr D. Manfred Eigen\" src=\"https:\/\/www.umh.es\/img\/honoris-causa\/Manfred-Eigen.jpg\" alt=\"Excmo. Sr D. Manfred Eigen\" width=\"163\" height=\"160\" \/><a href=\"https:\/\/protocolo.umh.es\/files\/2021\/06\/ginko.jpg\"><img loading=\"lazy\" class=\"wp-image-25551 alignnone\" src=\"https:\/\/protocolo.umh.es\/files\/2021\/06\/ginko.jpg\" alt=\"\" width=\"123\" height=\"164\" \/><\/a><\/div>\n<div>\n<p><strong>Excellency Mr. <a href=\"https:\/\/protocolo.umh.es\/2022\/01\/01\/manfred-eigen\/\">Manfred Eigen<\/a><\/strong><\/p>\n<p>Invested October 7, 1997<\/p>\n<p><a href=\"https:\/\/protocolo.umh.es\/jardin-de-los-honoris\/ginkgo-biloba-l-arbol-de-las-pagodas-arbol-de-los-40-escudos\/\"><span style=\"color: #ff0000\">Ginkgo &#8211; Ginkgo biloba; L.<\/span><\/a><\/p>\n<\/div>\n<\/div>\n<\/div>\n<\/div>\n<\/div>\n<\/div>\n<\/div>\n<\/div>\n<\/div>\n<\/div>\n<\/div>\n<\/div>\n<\/div>\n<\/div>\n<\/div>\n<\/div>\n<\/div>\n<\/div>\n<\/div>\n<\/div>\n<\/div>\n<\/div>\n<\/div>\n<\/div>\n<\/div>\n<\/div>\n<\/div>\n<\/div>\n<\/div>\n<\/div>\n<\/div>\n<\/div>\n<\/div>\n<p><\/p>","protected":false},"excerpt":{"rendered":"<p>Excellency Mariana Concepci\u00f3n Castells<br \/>\nInvestment January 28, 2026<br \/>\nPalmera Datilera (Phoenix dactylifera)<\/p>\n<p>Excellency Ms. Margarita del Val<br \/>\nInvestment September 18, 2025<br \/>\n\u00c1rbol botella de Queensland<\/p>\n<p>Excellency Ms. Paloma del R\u00edo Ca\u00f1adas<br \/>\nInvestment June 19, 2025<br \/>\nBraquiquito rosado (Brachychiton discolor, F. Muell.)<\/p>\n<p>Excellency Mr. Manuel Ram\u00f3n Pimentel Siles<br \/>\nInvestment May 15, 2025<br \/>\nPalmera &#8211; Phoenix dactylifera<\/p>\n<p>Excellency Mr. Jaime Lamo de Espinosa and Michels de Champourcin<br \/>\nInvestment May 15, [&#8230;]<\/p>\n","protected":false},"author":3285,"featured_media":0,"parent":25517,"menu_order":1,"comment_status":"closed","ping_status":"closed","template":"","meta":{"ngg_post_thumbnail":0,"_links_to":"","_links_to_target":""},"_links":{"self":[{"href":"https:\/\/protocolo.umh.es\/en\/wp-json\/wp\/v2\/pages\/25529"}],"collection":[{"href":"https:\/\/protocolo.umh.es\/en\/wp-json\/wp\/v2\/pages"}],"about":[{"href":"https:\/\/protocolo.umh.es\/en\/wp-json\/wp\/v2\/types\/page"}],"author":[{"embeddable":true,"href":"https:\/\/protocolo.umh.es\/en\/wp-json\/wp\/v2\/users\/3285"}],"replies":[{"embeddable":true,"href":"https:\/\/protocolo.umh.es\/en\/wp-json\/wp\/v2\/comments?post=25529"}],"version-history":[{"count":0,"href":"https:\/\/protocolo.umh.es\/en\/wp-json\/wp\/v2\/pages\/25529\/revisions"}],"up":[{"embeddable":true,"href":"https:\/\/protocolo.umh.es\/en\/wp-json\/wp\/v2\/pages\/25517"}],"wp:attachment":[{"href":"https:\/\/protocolo.umh.es\/en\/wp-json\/wp\/v2\/media?parent=25529"}],"curies":[{"name":"wp","href":"https:\/\/api.w.org\/{rel}","templated":true}]}}