{"id":27089,"date":"2021-07-27T09:42:24","date_gmt":"2021-07-27T07:42:24","guid":{"rendered":"https:\/\/protocolo.umh.es\/?page_id=27089"},"modified":"2026-02-12T11:25:04","modified_gmt":"2026-02-12T10:25:04","slug":"magnolio","status":"publish","type":"page","link":"https:\/\/protocolo.umh.es\/ca\/jardin-de-los-honoris\/magnolio\/","title":{"rendered":"Magnolia"},"content":{"rendered":"<p><\/p>\n<ul>\n<li>\n<p data-start=\"86\" data-end=\"493\"><strong data-start=\"86\" data-end=\"99\">Nom com\u00fa:<\/strong> Magnolia<br data-start=\"108\" data-end=\"111\" \/><strong data-start=\"111\" data-end=\"129\">Nom cient\u00edfic:<\/strong> <em data-start=\"130\" data-end=\"152\">Magnolia grandiflora<\/em>, L.<br data-start=\"156\" data-end=\"159\" \/><strong data-start=\"159\" data-end=\"177\">Honoris Causa:<\/strong> <a href=\"https:\/\/protocolo.umh.es\/2022\/02\/11\/david-cox\/\">David Cox<\/a> (22\/09\/1999), <a href=\"https:\/\/protocolo.umh.es\/2022\/02\/11\/jose-angel-sanchez-asiain\/\">Jos\u00e9 \u00c1ngel S\u00e1nchez Asia\u00edn<\/a> (20\/10\/1999), <a href=\"https:\/\/comunicacion.umh.es\/2000\/09\/27\/solemne-acto-de-investidura-del-excmo-sr-d-stephanus-hendrikus-tijs-como-doctor-honoris-causa\/\">Stephanus Hendrikus Tijs<\/a> (27\/09\/2000), <a href=\"https:\/\/comunicacion.umh.es\/2003\/10\/01\/solemne-acto-de-apertura-del-curso-acadmico-2003-2004-e-investidura-de-sar-la-infanta-doa-margarita-de-borbn-como-doctora-honoris-causa\/\">Margarita de Borb\u00f3n y Borb\u00f3n<\/a> (07\/10\/2003), <a href=\"https:\/\/protocolo.umh.es\/2010\/07\/08\/solemne-acto-de-investidura-de-la-excma-sra-da-rosa-ma-calaf-sole-como-doctora-honoris-causa-el-18-de-junio-de-2010\/\">Rosa Mar\u00eda Calaf Sol\u00e9<\/a> (18\/06\/2010) y <a href=\"https:\/\/protocolo.umh.es\/2017\/07\/24\/acto-academico-de-clausura-del-curso-2016-2017-con-la-investidura-como-doctor-honoris-causa-del-excmo-sr-d-jose-maria-peiro-silla\/\">Jos\u00e9 Mar\u00eda Peir\u00f3 Silla<\/a> (04\/07\/2017)<\/p>\n<\/li>\n<\/ul>\n<p><a href=\"https:\/\/protocolo.umh.es\/files\/2021\/07\/Magnolio.jpg\"><img loading=\"lazy\" class=\"alignnone size-medium wp-image-27092\" src=\"https:\/\/protocolo.umh.es\/files\/2021\/07\/Magnolio-300x236.jpg\" alt=\"\" width=\"300\" height=\"236\" srcset=\"https:\/\/protocolo.umh.es\/files\/2021\/07\/Magnolio-300x236.jpg 300w, https:\/\/protocolo.umh.es\/files\/2021\/07\/Magnolio.jpg 520w\" sizes=\"(max-width: 300px) 100vw, 300px\" \/><\/a><\/p>\n<p>ORIGEN: Sud-est dels Estats Units.<\/p>\n<p>CARACTER\u00cdSTIQUES:<\/p>\n<p>Arbre perenne de cap\u00e7ada lleugerament piramidal.<\/p>\n<p>CURIOSITATS:<\/p>\n<p>Grandiflora prov\u00e9 d\u2019un ep\u00edtet llat\u00ed que significa \u201cflors grans\u201d.<br \/>\nA l\u2019antiga Xina, nom\u00e9s l\u2019Emperador podia tindre magn\u00f2lies. Aquest privilegi li permetia regalar magn\u00f2lies, un gest molt apreciat pels seus s\u00fabdits.<\/p>\n<p>USOS:<\/p>\n<p>ORNAMENTAL: A causa del lluentor de les seues fulles, la seua eleg\u00e0ncia i el perfum de les seues flors.<br \/>\nALIMENTARI: S\u2019han utilitzat les seues llavors i escor\u00e7a per a alleujar dol\u00e8ncies digestives i respirat\u00f2ries.<br \/>\nINDUSTRIAL: La seua fusta \u00e9s apreciada en ebenisteria, per\u00f2 no \u00e9s rendible a causa de la lentitud del seu creixement. La seua flor s\u2019utilitza per a fer perfums.<br \/>\nMEDICINAL: La seua escor\u00e7a s\u2019ha utilitzat en medicina natural com a di\u00fcr\u00e8tic, astringent i antis\u00e8ptic urinari i renal.<\/p>\n<p>&nbsp;<\/p>","protected":false},"excerpt":{"rendered":"<p>Nom com\u00fa: MagnoliaNom cient\u00edfic: Magnolia grandiflora, L.Honoris Causa: David Cox (22\/09\/1999), Jos\u00e9 \u00c1ngel S\u00e1nchez Asia\u00edn (20\/10\/1999), Stephanus Hendrikus Tijs (27\/09\/2000), Margarita de Borb\u00f3n y Borb\u00f3n (07\/10\/2003), Rosa Mar\u00eda Calaf Sol\u00e9 (18\/06\/2010) y Jos\u00e9 Mar\u00eda Peir\u00f3 Silla (04\/07\/2017)<\/p>\n<p>ORIGEN: Sud-est dels Estats Units.<br \/>\nCARACTER\u00cdSTIQUES:<br \/>\nArbre perenne de cap\u00e7ada lleugerament piramidal.<br \/>\nCURIOSITATS:<br \/>\nGrandiflora prov\u00e9 d\u2019un ep\u00edtet llat\u00ed que significa \u201cflors grans\u201d.<br \/>\nA l\u2019antiga [&#8230;]<\/p>\n","protected":false},"author":3285,"featured_media":0,"parent":25517,"menu_order":25,"comment_status":"closed","ping_status":"closed","template":"","meta":{"ngg_post_thumbnail":0,"_links_to":"","_links_to_target":""},"_links":{"self":[{"href":"https:\/\/protocolo.umh.es\/ca\/wp-json\/wp\/v2\/pages\/27089"}],"collection":[{"href":"https:\/\/protocolo.umh.es\/ca\/wp-json\/wp\/v2\/pages"}],"about":[{"href":"https:\/\/protocolo.umh.es\/ca\/wp-json\/wp\/v2\/types\/page"}],"author":[{"embeddable":true,"href":"https:\/\/protocolo.umh.es\/ca\/wp-json\/wp\/v2\/users\/3285"}],"replies":[{"embeddable":true,"href":"https:\/\/protocolo.umh.es\/ca\/wp-json\/wp\/v2\/comments?post=27089"}],"version-history":[{"count":0,"href":"https:\/\/protocolo.umh.es\/ca\/wp-json\/wp\/v2\/pages\/27089\/revisions"}],"up":[{"embeddable":true,"href":"https:\/\/protocolo.umh.es\/ca\/wp-json\/wp\/v2\/pages\/25517"}],"wp:attachment":[{"href":"https:\/\/protocolo.umh.es\/ca\/wp-json\/wp\/v2\/media?parent=27089"}],"curies":[{"name":"wp","href":"https:\/\/api.w.org\/{rel}","templated":true}]}}