{"id":27071,"date":"2021-07-27T09:35:34","date_gmt":"2021-07-27T07:35:34","guid":{"rendered":"https:\/\/protocolo.umh.es\/?page_id=27071"},"modified":"2026-02-12T10:58:59","modified_gmt":"2026-02-12T09:58:59","slug":"higuera","status":"publish","type":"page","link":"https:\/\/protocolo.umh.es\/ca\/jardin-de-los-honoris\/higuera\/","title":{"rendered":"Figuera"},"content":{"rendered":"<p><\/p>\n<ul>\n<li data-start=\"83\" data-end=\"106\">Nom com\u00fa: Figuera<\/li>\n<li data-start=\"108\" data-end=\"324\">Nom cient\u00edfic: <em data-start=\"127\" data-end=\"141\">Ficus carica<\/em>, L.<\/li>\n<li data-start=\"108\" data-end=\"324\">Honoris Causa:<\/li>\n<li><span style=\"color: #808000\"> Luc\u00eda Izqdo- Nuera de <a href=\"https:\/\/protocolo.umh.es\/2022\/01\/14\/miguel-hernandez\/\">Miguel Hern\u00e1ndez<\/a>. (19\/10\/1998) (ejemplar obtenido de la higuera de Miguel Hern\u00e1ndez), <\/span><span style=\"color: #808000\">\u00a0<a href=\"https:\/\/protocolo.umh.es\/2018\/06\/28\/acto-de-clausura-del-curso-academico-2017-2018-e-investidura-como-dr-honoris-causa-de-d-tino-villanueva\/\">Tino Villanueva<\/a>. (28\/06\/2018)<\/span><\/li>\n<\/ul>\n<p><a href=\"https:\/\/protocolo.umh.es\/files\/2021\/07\/Higuera-.jpg\"><img loading=\"lazy\" class=\"alignnone size-medium wp-image-27074\" src=\"https:\/\/protocolo.umh.es\/files\/2021\/07\/Higuera--300x271.jpg\" alt=\"\" width=\"300\" height=\"271\" srcset=\"https:\/\/protocolo.umh.es\/files\/2021\/07\/Higuera--300x271.jpg 300w, https:\/\/protocolo.umh.es\/files\/2021\/07\/Higuera-.jpg 420w\" sizes=\"(max-width: 300px) 100vw, 300px\" \/><\/a><\/p>\n<p>ORIGEN: Prov\u00e9 d\u2019\u00c0sia. Alguns textos indiquen que podria ser una de les primeres plantes cultivades per l\u2019home.<\/p>\n<p>CARACTER\u00cdSTIQUES:<\/p>\n<p>La seua fulla \u00e9s caduca.<br \/>\nEn funci\u00f3 de la varietat, poden tindre una o dues produccions de fruit per any. Quan \u00e9s aix\u00ed, el primer fruit de la temporada i de major grand\u00e0ria s\u2019anomena breva i la segona fructificaci\u00f3 (a finals d\u2019agost) s\u2019anomena figa.<\/p>\n<p>CURIOSITATS:<\/p>\n<p>La pol\u00b7linitzaci\u00f3 natural es produeix gr\u00e0cies a l\u2019acci\u00f3 d\u2019unes petites vespes.<br \/>\nCal tindre cura amb la seua saba perqu\u00e8 pot produir reaccions al\u00b7l\u00e8rgiques a la pell.<\/p>\n<p>USOS:<\/p>\n<p>FULLA: Gran conservadora; es poden acomodar en elles fruites i verdures o fins i tot embolicar formatges.<br \/>\nALIMENTARI: A m\u00e9s de consumir els seus exquisits fruits frescos, tamb\u00e9 es poden menjar com a fruita seca.<br \/>\nMEDICINAL: Els seus fruits (frescos o secs), ingerits a una dosi normal, redueixen el restrenyiment. Existeixen molts remeis casolans per a afeccions de la pell, per al colesterol, com a antiinflamatori, etc\u00e8tera.<\/p>","protected":false},"excerpt":{"rendered":"<p>Nom com\u00fa: Figuera<br \/>\nNom cient\u00edfic: Ficus carica, L.<br \/>\nHonoris Causa:<br \/>\n Luc\u00eda Izqdo- Nuera de Miguel Hern\u00e1ndez. (19\/10\/1998) (ejemplar obtenido de la higuera de Miguel Hern\u00e1ndez), \u00a0Tino Villanueva. (28\/06\/2018)<\/p>\n<p>ORIGEN: Prov\u00e9 d\u2019\u00c0sia. Alguns textos indiquen que podria ser una de les primeres plantes cultivades per l\u2019home.<br \/>\nCARACTER\u00cdSTIQUES:<br \/>\nLa seua fulla \u00e9s caduca.<br \/>\nEn funci\u00f3 de la varietat, poden tindre una o dues [&#8230;]<\/p>\n","protected":false},"author":3285,"featured_media":0,"parent":25517,"menu_order":22,"comment_status":"closed","ping_status":"closed","template":"","meta":{"ngg_post_thumbnail":0,"_links_to":"","_links_to_target":""},"_links":{"self":[{"href":"https:\/\/protocolo.umh.es\/ca\/wp-json\/wp\/v2\/pages\/27071"}],"collection":[{"href":"https:\/\/protocolo.umh.es\/ca\/wp-json\/wp\/v2\/pages"}],"about":[{"href":"https:\/\/protocolo.umh.es\/ca\/wp-json\/wp\/v2\/types\/page"}],"author":[{"embeddable":true,"href":"https:\/\/protocolo.umh.es\/ca\/wp-json\/wp\/v2\/users\/3285"}],"replies":[{"embeddable":true,"href":"https:\/\/protocolo.umh.es\/ca\/wp-json\/wp\/v2\/comments?post=27071"}],"version-history":[{"count":0,"href":"https:\/\/protocolo.umh.es\/ca\/wp-json\/wp\/v2\/pages\/27071\/revisions"}],"up":[{"embeddable":true,"href":"https:\/\/protocolo.umh.es\/ca\/wp-json\/wp\/v2\/pages\/25517"}],"wp:attachment":[{"href":"https:\/\/protocolo.umh.es\/ca\/wp-json\/wp\/v2\/media?parent=27071"}],"curies":[{"name":"wp","href":"https:\/\/api.w.org\/{rel}","templated":true}]}}