{"id":27041,"date":"2021-07-27T09:18:19","date_gmt":"2021-07-27T07:18:19","guid":{"rendered":"https:\/\/protocolo.umh.es\/?page_id=27041"},"modified":"2026-02-12T10:27:04","modified_gmt":"2026-02-12T09:27:04","slug":"cinamomo","status":"publish","type":"page","link":"https:\/\/protocolo.umh.es\/ca\/jardin-de-los-honoris\/cinamomo\/","title":{"rendered":"Cinamomo"},"content":{"rendered":"<p><\/p>\n<ul>\n<li>Nom com\u00fa: Cinamomo.<\/li>\n<li>Nom cient\u00edfic: Melia azedarach; \u2018umbraculifera\u2019<\/li>\n<li>Honoris Causa:\u00a0<a href=\"https:\/\/comunicacion.umh.es\/2002\/10\/04\/solemne-acto-de-apertura-del-curso-acadmico-2002-2003-e-investidura-de-los-excmos-sres-d-juan-rods-teixidor-y-luis-garca-berlanga-como-doctores-honoris-causa\/\">Juan Rodes Teixidor <\/a>(04\/10\/2002)<\/li>\n<\/ul>\n<p><a href=\"https:\/\/protocolo.umh.es\/files\/2021\/07\/Cinamomo.jpg\"><img loading=\"lazy\" class=\"alignnone wp-image-27044\" src=\"https:\/\/protocolo.umh.es\/files\/2021\/07\/Cinamomo.jpg\" alt=\"\" width=\"544\" height=\"441\" srcset=\"https:\/\/protocolo.umh.es\/files\/2021\/07\/Cinamomo.jpg 737w, https:\/\/protocolo.umh.es\/files\/2021\/07\/Cinamomo-300x243.jpg 300w\" sizes=\"(max-width: 544px) 100vw, 544px\" \/><\/a><\/p>\n<p>ORIGEN: Sud i est d\u2019\u00c0sia.<\/p>\n<p>CARACTER\u00cdSTIQUES:<\/p>\n<p>Floraci\u00f3 molt arom\u00e0tica i vistosa pel seu color blav\u00f3s o lil\u00f3s.<\/p>\n<p>CURIOSITATS:<\/p>\n<p>T\u00e9 una fusta semblant a la caoba; de fet, pertany a la mateixa fam\u00edlia bot\u00e0nica.<br \/>\nAmb els seus fruits es confeccionen rosaris, per la qual cosa s\u2019ha anomenat a Catalunya i a les Balears \u2018arbre sant\u2019.<br \/>\nEls seus fruits s\u00f3n verinosos i narc\u00f2tics.<\/p>\n<p>USOS:<\/p>\n<p>ORNAMENTAL: Pel seu creixement r\u00e0pid, ombra lleugera i bellesa.<br \/>\nINDUSTRIAL: La fusta \u00e9s molt resistent a la humitat i per aix\u00f2 \u00e9s molt apreciada en torneria.<br \/>\nMEDICINAL: Repel\u00b7lent d\u2019insectes. Per al tractament de par\u00e0sits intestinals. Tamb\u00e9 posseeix activitat antifebril, antiinflamat\u00f2ria i analg\u00e8sica.<\/p>","protected":false},"excerpt":{"rendered":"<p>Nom com\u00fa: Cinamomo.<br \/>\nNom cient\u00edfic: Melia azedarach; \u2018umbraculifera\u2019<br \/>\nHonoris Causa:\u00a0Juan Rodes Teixidor (04\/10\/2002)<\/p>\n<p>ORIGEN: Sud i est d\u2019\u00c0sia.<br \/>\nCARACTER\u00cdSTIQUES:<br \/>\nFloraci\u00f3 molt arom\u00e0tica i vistosa pel seu color blav\u00f3s o lil\u00f3s.<br \/>\nCURIOSITATS:<br \/>\nT\u00e9 una fusta semblant a la caoba; de fet, pertany a la mateixa fam\u00edlia bot\u00e0nica.<br \/>\nAmb els seus fruits es confeccionen rosaris, per la qual cosa s\u2019ha anomenat a Catalunya i a [&#8230;]<\/p>\n","protected":false},"author":3285,"featured_media":0,"parent":25517,"menu_order":18,"comment_status":"closed","ping_status":"closed","template":"","meta":{"ngg_post_thumbnail":0,"_links_to":"","_links_to_target":""},"_links":{"self":[{"href":"https:\/\/protocolo.umh.es\/ca\/wp-json\/wp\/v2\/pages\/27041"}],"collection":[{"href":"https:\/\/protocolo.umh.es\/ca\/wp-json\/wp\/v2\/pages"}],"about":[{"href":"https:\/\/protocolo.umh.es\/ca\/wp-json\/wp\/v2\/types\/page"}],"author":[{"embeddable":true,"href":"https:\/\/protocolo.umh.es\/ca\/wp-json\/wp\/v2\/users\/3285"}],"replies":[{"embeddable":true,"href":"https:\/\/protocolo.umh.es\/ca\/wp-json\/wp\/v2\/comments?post=27041"}],"version-history":[{"count":0,"href":"https:\/\/protocolo.umh.es\/ca\/wp-json\/wp\/v2\/pages\/27041\/revisions"}],"up":[{"embeddable":true,"href":"https:\/\/protocolo.umh.es\/ca\/wp-json\/wp\/v2\/pages\/25517"}],"wp:attachment":[{"href":"https:\/\/protocolo.umh.es\/ca\/wp-json\/wp\/v2\/media?parent=27041"}],"curies":[{"name":"wp","href":"https:\/\/api.w.org\/{rel}","templated":true}]}}