{"id":25517,"date":"2024-05-30T09:32:05","date_gmt":"2024-05-30T07:32:05","guid":{"rendered":"https:\/\/protocolo.umh.es\/?page_id=25517"},"modified":"2026-02-12T12:49:12","modified_gmt":"2026-02-12T11:49:12","slug":"jardin-de-los-honoris","status":"publish","type":"page","link":"https:\/\/protocolo.umh.es\/ca\/jardin-de-los-honoris\/","title":{"rendered":"Jard\u00ed dels Honoris"},"content":{"rendered":"<p><\/p>\n<h3>Presentaci\u00f3<\/h3>\n<div dir=\"ltr\">\n<div class=\"gmail_quote\">\n<div dir=\"auto\">\n<div dir=\"ltr\">\n<div dir=\"ltr\">\n<div dir=\"ltr\">\n<div class=\"gmail_default\">\n<p><a href=\"https:\/\/comunicacion.umh.es\/files\/2022\/05\/090522-cartel-delante.png\"><img loading=\"lazy\" class=\"wp-image-153416 size-medium alignleft\" src=\"https:\/\/comunicacion.umh.es\/files\/2022\/05\/090522-cartel-delante-226x300.png\" alt=\"\" width=\"226\" height=\"300\" aria-describedby=\"caption-attachment-153416\" \/><\/a><a href=\"https:\/\/comunicacion.umh.es\/files\/2022\/05\/090522-Jardines-Honoris-rector-3-scaled.jpg\"><img loading=\"lazy\" class=\"size-medium wp-image-153413 alignleft\" src=\"https:\/\/comunicacion.umh.es\/files\/2022\/05\/090522-Jardines-Honoris-rector-3-300x200.jpg\" alt=\"\" width=\"300\" height=\"200\" aria-describedby=\"caption-attachment-153413\" \/><\/a><\/p>\n<p data-start=\"139\" data-end=\"198\"><strong data-start=\"139\" data-end=\"198\">Al Campus d\u2019Elx, es troba ubicat el Jard\u00ed dels Honoris.<\/strong><\/p>\n<p data-start=\"200\" data-end=\"385\">En aquest espai hi trobaran diferents esp\u00e8cies d\u2019arbres i arbustos compatibles amb el nostre ecosistema, triades per les doctores i els doctors <em data-start=\"344\" data-end=\"359\">HONORIS CAUSA<\/em> de la nostra Universitat.<\/p>\n<p data-start=\"387\" data-end=\"567\">Les esp\u00e8cies escollides representen uns valors amb els quals els nostres acad\u00e8mics s\u2019han sentit identificats, creant aix\u00ed un simbolisme entre coneixement i natura al nostre campus.<\/p>\n<p data-start=\"569\" data-end=\"700\">D\u2019aquesta manera, els nostres il\u00b7lustres doctors i doctores deixen una empremta eterna a la UMH, m\u00e9s enll\u00e0 del Claustre de Doctors.<\/p>\n<p data-start=\"569\" data-end=\"700\">Gr\u00e0cies a totes les nostres doctores i a tots els nostres doctors per la seua col\u00b7laboraci\u00f3 en la creaci\u00f3 del Jard\u00ed dels Honoris, un lloc on saviesa i natura convergeixen en un espai \u00fanic a disposici\u00f3 de tota la ciutadania.<\/p>\n<\/div>\n<\/div>\n<\/div>\n<\/div>\n<\/div>\n<\/div>\n<\/div>\n<div dir=\"ltr\">\n<div class=\"gmail_quote\">\n<div dir=\"auto\">\n<div dir=\"ltr\">\n<div dir=\"ltr\">\n<div dir=\"ltr\">\n<div class=\"gmail_default\">\n<div>\n<div><strong>MAPES HONORIS<\/strong><\/div>\n<ul>\n<li><a href=\"https:\/\/protocolo.umh.es\/files\/2026\/01\/MAPA-HONORIS-1-01-26.pdf\" target=\"_blank\" rel=\"noopener\">MAPA HONORIS 1<\/a><\/li>\n<li><a href=\"https:\/\/protocolo.umh.es\/files\/2026\/01\/MAPA-HONORIS-2-01-26.pdf\" target=\"_blank\" rel=\"noopener\">MAPA HONORIS 2<\/a><\/li>\n<li><a href=\"https:\/\/protocolo.umh.es\/files\/2026\/01\/MAPA-HONORIS-3-01-26.pdf\" target=\"_blank\" rel=\"noopener\">MAPA HONORIS 3<\/a><\/li>\n<\/ul>\n<\/div>\n<div><\/div>\n<div><a href=\"https:\/\/protocolo.umh.es\/files\/2026\/01\/BOSQUE-HONORIS_01-26.xlsx\" target=\"_blank\" rel=\"noopener\">BOSC-HONORIS (excel)<\/a><\/div>\n<div><a href=\"https:\/\/protocolo.umh.es\/files\/2026\/01\/BOSQUE-HONORIS_01-26-1.pdf\" target=\"_blank\" rel=\"noopener\">BOSC-HONORIS\u00a0<\/a><\/div>\n<div><\/div>\n<\/div>\n<\/div>\n<\/div>\n<\/div>\n<\/div>\n<\/div>\n<div><\/div>\n<\/div>\n<div dir=\"ltr\">\n<div class=\"gmail_quote\">\n<div dir=\"auto\">\n<div dir=\"ltr\">\n<div dir=\"ltr\">\n<div dir=\"ltr\">\n<div class=\"gmail_default\">\n<table width=\"986\">\n<tbody>\n<tr>\n<td width=\"196\">Data de nombrament<\/td>\n<td width=\"287\">Nom DHC<\/td>\n<td width=\"153\">Arbre<\/td>\n<td width=\"287\">Nom cient\u00edfic<\/td>\n<td width=\"63\">CARTELLS<\/td>\n<\/tr>\n<tr>\n<td width=\"196\">7 d&#8217;octubre de 1997<\/td>\n<td width=\"287\">Manfred Eigen<\/td>\n<td width=\"153\">Ginkgo<\/td>\n<td width=\"287\">Ginkgo biloba ; L.<\/td>\n<td>1<\/td>\n<\/tr>\n<tr>\n<td width=\"196\">7 d&#8217;octubre de 1997<\/td>\n<td width=\"287\">Alfonso Esc\u00e1mez L\u00f3pez<\/td>\n<td width=\"153\">Olivera<\/td>\n<td width=\"287\">Olea europaea ; L.<\/td>\n<td>2<\/td>\n<\/tr>\n<tr>\n<td width=\"196\">3 d&#8217;octubre de 1998<\/td>\n<td width=\"287\">Jaime Carvajal y Urquijo<\/td>\n<td width=\"153\">Olivera<\/td>\n<td width=\"287\">Olea europaea ; L.<\/td>\n<td>3<\/td>\n<\/tr>\n<tr>\n<td width=\"196\">19 d&#8217;octubre de 1998<\/td>\n<td width=\"287\">Miguel Hern\u00e1ndez (nuera Luc\u00eda Izqdo.)<\/td>\n<td width=\"153\">Figuera<\/td>\n<td width=\"287\">Ficus carica ; L.<\/td>\n<td>4<\/td>\n<\/tr>\n<tr>\n<td width=\"196\">23 d&#8217;octubre de 1998<\/td>\n<td width=\"287\">Pedro La\u00edn Entralgo<\/td>\n<td width=\"153\">Olivera<\/td>\n<td width=\"287\">Olea europaea ; L.<\/td>\n<td>5<\/td>\n<\/tr>\n<tr>\n<td width=\"196\">22 de setembre de 1999<\/td>\n<td width=\"287\">David Cox<\/td>\n<td width=\"153\">Magnolio<\/td>\n<td width=\"287\">Magnolia grandiflora ; L.<\/td>\n<td>6<\/td>\n<\/tr>\n<tr>\n<td width=\"196\">4 d&#8217;octubre de 1999<\/td>\n<td width=\"287\">Fernando Alvarez de Miranda<\/td>\n<td width=\"153\">Fresno com\u00fan<\/td>\n<td width=\"287\">Fraxinus excelsior;\u00a0 L.<\/td>\n<td>7<\/td>\n<\/tr>\n<tr>\n<td width=\"196\">20 d&#8217;octubre de 1999<\/td>\n<td width=\"287\">Jos\u00e9 Angel S\u00e1nchez Asia\u00edn<\/td>\n<td width=\"153\">Magnolio<\/td>\n<td width=\"287\">Magnolia grandiflora ; L.<\/td>\n<td>8<\/td>\n<\/tr>\n<tr>\n<td width=\"196\">27 de setembre de 2000<\/td>\n<td width=\"287\">Stephanus Hendrikus Tijs<\/td>\n<td width=\"153\">Magnolio<\/td>\n<td width=\"287\">Magnolia grandiflora ; L.<\/td>\n<td>9<\/td>\n<\/tr>\n<tr>\n<td width=\"196\">3 d&#8217;octubre de 2000<\/td>\n<td width=\"287\">Federico Mayor Zaragoza<\/td>\n<td width=\"153\">Olivera<\/td>\n<td width=\"287\">Olea europaea ; L.<\/td>\n<td>10<\/td>\n<\/tr>\n<tr>\n<td width=\"196\">26 de gener de 2001<\/td>\n<td width=\"287\">Friedrich Wilhem Eigler<\/td>\n<td width=\"153\">Ginkgo<\/td>\n<td width=\"287\">Ginkgo biloba ; L.<\/td>\n<td>11<\/td>\n<\/tr>\n<tr>\n<td width=\"196\">28 de gener de 2002<\/td>\n<td width=\"287\">Antonio Garc\u00eda\u2010Bellido y Garc\u00eda de Diego<\/td>\n<td width=\"153\">Olivera<\/td>\n<td width=\"287\">Olea europaea ; L.<\/td>\n<td>12<\/td>\n<\/tr>\n<tr>\n<td width=\"196\">25 de setembre de 2002<\/td>\n<td width=\"287\">Egon Balas<\/td>\n<td width=\"153\">Cedro del Himalaya<\/td>\n<td width=\"287\">Cedrus deodara ; (D. Don) G. Don<\/td>\n<td>13<\/td>\n<\/tr>\n<tr>\n<td width=\"196\">4 d&#8217;octubre de 2002<\/td>\n<td width=\"287\">Luis Garc\u00eda Berlanga<\/td>\n<td width=\"153\">Ginkgo<\/td>\n<td width=\"287\">Ginkgo biloba ; L.<\/td>\n<td>14<\/td>\n<\/tr>\n<tr>\n<td width=\"196\">4 d&#8217;octubre de 2002<\/td>\n<td width=\"287\">Juan Rodes Teixidor<\/td>\n<td width=\"153\">Cinamomo<\/td>\n<td width=\"287\">Melia azedarach ; L. &#8216;umbraculifera&#8217;<\/td>\n<td>15<\/td>\n<\/tr>\n<tr>\n<td width=\"196\">9 de gener de 2003<\/td>\n<td width=\"287\">Josep Carreras Coll<\/td>\n<td width=\"153\">Cedro del Himalaya<\/td>\n<td width=\"287\">Cedrus deodara ; (D. Don) G. Don<\/td>\n<td>16<\/td>\n<\/tr>\n<tr>\n<td width=\"196\">7 d&#8217;octubre de 2003<\/td>\n<td width=\"287\">Margarita de Borb\u00f3n y Borb\u00f3n<\/td>\n<td width=\"153\">Magnolio<\/td>\n<td width=\"287\">Magnolia grandiflora ; L.<\/td>\n<td>17<\/td>\n<\/tr>\n<tr>\n<td width=\"196\">28 de gener de 2004<\/td>\n<td width=\"287\">Jos\u00e9 Antonio Escudero L\u00f3pez<\/td>\n<td width=\"153\">Chopo<\/td>\n<td width=\"287\">Populus nigra ; L.<\/td>\n<td>18<\/td>\n<\/tr>\n<tr>\n<td width=\"196\">21de maig de 2004<\/td>\n<td width=\"287\">Joaqu\u00edn Fuster de Carulla<\/td>\n<td width=\"153\">\u00c1rbol del coral<\/td>\n<td width=\"287\">Erythrina \u00a0caffra\u00a0;\u00a0L.<\/td>\n<td>19<\/td>\n<\/tr>\n<tr>\n<td width=\"196\">29 d&#8217;octubre de 2004<\/td>\n<td width=\"287\">Pedro Amat Mu\u00f1oz<\/td>\n<td width=\"153\">Cedro del Himalaya<\/td>\n<td width=\"287\">Cedrus deodara ; (D. Don) G. Don<\/td>\n<td>20<\/td>\n<\/tr>\n<tr>\n<td width=\"196\">29 d&#8217;octubre de 2004<\/td>\n<td width=\"287\">Pedro Ruiz Torres<\/td>\n<td width=\"153\">Magraner<\/td>\n<td width=\"287\">Punica granatum ; L.<\/td>\n<td>21<\/td>\n<\/tr>\n<tr>\n<td width=\"196\">29 d&#8217;octubre de 2004<\/td>\n<td width=\"287\">Araceli Maci\u00e1 Ant\u00f3n<\/td>\n<td width=\"153\">Magraner<\/td>\n<td width=\"287\">Punica granatum ; L.<\/td>\n<td>22<\/td>\n<\/tr>\n<tr>\n<td width=\"196\">4 d&#8217;octubre de 2005<\/td>\n<td width=\"287\">Valent\u00edn Fuster de Carulla<\/td>\n<td width=\"153\">Olivera<\/td>\n<td width=\"287\">Olea europaea ; L.<\/td>\n<td>23<\/td>\n<\/tr>\n<tr>\n<td width=\"196\">4 de juny de 2008<\/td>\n<td width=\"287\">Rafael Ben\u00edtez Maudes<\/td>\n<td width=\"153\">Pi carrasco<\/td>\n<td width=\"287\">Pinus halepensis ; L.<\/td>\n<td>24<\/td>\n<\/tr>\n<tr>\n<td width=\"196\">28 de gener de 2009<\/td>\n<td width=\"287\">Mill\u00e1n Mill\u00e1n Mu\u00f1oz<\/td>\n<td width=\"153\">Cedro del Himalaya<\/td>\n<td width=\"287\">Cedrus deodara ; (D. Don) G. Don<\/td>\n<td>25<\/td>\n<\/tr>\n<tr>\n<td width=\"196\">24 de maig de 2010<\/td>\n<td width=\"287\">David \u00c1lvarez D\u00edez<\/td>\n<td width=\"153\">Olivera<\/td>\n<td width=\"287\">Olea europaea ; L.<\/td>\n<td>26<\/td>\n<\/tr>\n<tr>\n<td width=\"196\">18 de juny de 2010<\/td>\n<td width=\"287\">Rosa Mar\u00eda Calaf Sol\u00e9<\/td>\n<td width=\"153\">Magnolio<\/td>\n<td width=\"287\">Magnolia grandiflora ; L.<\/td>\n<td>27<\/td>\n<\/tr>\n<tr>\n<td width=\"196\">21 de juny de 2010<\/td>\n<td width=\"287\">Joan Manuel Serrat i Teresa<\/td>\n<td width=\"153\">Ginkgo<\/td>\n<td width=\"287\">Ginkgo biloba ; L.<\/td>\n<td>28<\/td>\n<\/tr>\n<tr>\n<td width=\"196\">7 d&#8217;octubre de 2011<\/td>\n<td width=\"287\">Richard Alan Normann<\/td>\n<td width=\"153\">Pi pinyoners<\/td>\n<td width=\"287\">Pinus pinea ; L.<\/td>\n<td>29<\/td>\n<\/tr>\n<tr>\n<td width=\"196\">28 de gener de 2011<\/td>\n<td width=\"287\">Lu\u00eds G\u00e1mir Casares<\/td>\n<td width=\"153\">\u00c1rbol de las tulipas<\/td>\n<td width=\"287\">Liriodendron tulipifera ; L.<\/td>\n<td>30<\/td>\n<\/tr>\n<tr>\n<td width=\"196\">27 de gener de 2012<\/td>\n<td width=\"287\">Mar\u00eda Josefa Izuel Gim\u00e9nez<\/td>\n<td width=\"153\">Catalpa<\/td>\n<td width=\"287\">Catalpa bignonioides ; Walter, Fl. Carol.<\/td>\n<td>31<\/td>\n<\/tr>\n<tr>\n<td width=\"196\">28 de gener de 2013<\/td>\n<td width=\"287\">Paul Mockapetris<\/td>\n<td width=\"153\">Palmera datilera<\/td>\n<td width=\"287\">Phoenix dactylifera\u00a0 L.<\/td>\n<td>32<\/td>\n<\/tr>\n<tr>\n<td width=\"196\">27 de juny de 2013<\/td>\n<td width=\"287\">Enrique Dacosta Vadillo<\/td>\n<td width=\"153\">Madro\u00f1o<\/td>\n<td width=\"287\">Arbutus unedo;\u00a0 L.<\/td>\n<td>33<\/td>\n<\/tr>\n<tr>\n<td width=\"196\">27 de juny de 2013<\/td>\n<td width=\"287\">Francisco Torreblanca Garc\u00eda<\/td>\n<td width=\"153\">Roble com\u00fan<\/td>\n<td width=\"287\">Quercus robur ; L.<\/td>\n<td>34<\/td>\n<\/tr>\n<tr>\n<td width=\"196\">28 de gener de 2014<\/td>\n<td width=\"287\">Francisco Garc\u00eda Olmedo<\/td>\n<td width=\"153\">Llorer<\/td>\n<td width=\"287\">Laurus nobilis , L.<\/td>\n<td>35<\/td>\n<\/tr>\n<tr>\n<td width=\"196\">27 de juny de 2014<\/td>\n<td width=\"287\">Marcus Felson<\/td>\n<td width=\"153\">Arbre de Judas<\/td>\n<td width=\"287\">Cercis siliquastrum ;\u00a0 L.<\/td>\n<td>36<\/td>\n<\/tr>\n<tr>\n<td width=\"196\">3 d&#8217;octubre de 2014<\/td>\n<td width=\"287\">Antonio Fraguas de Pablo<\/td>\n<td width=\"153\">Algarrobo<\/td>\n<td width=\"287\">Ceratonia siliqua;\u00a0 L.<\/td>\n<td>37<\/td>\n<\/tr>\n<tr>\n<td width=\"196\">28 de gener de 2016<\/td>\n<td width=\"287\">Tom\u00e1s Torres Cebada<\/td>\n<td width=\"153\">Olmo de Siberia<\/td>\n<td width=\"287\">Ulmus pumila ; L.<\/td>\n<td>38<\/td>\n<\/tr>\n<tr>\n<td width=\"196\">29 de setembre de 2016<\/td>\n<td width=\"287\">Jaume Bech i Borr\u00e0s<\/td>\n<td width=\"153\">Encina<\/td>\n<td width=\"287\">Quercus ilex ;\u00a0 L.<\/td>\n<td>39<\/td>\n<\/tr>\n<tr>\n<td width=\"196\">27 de gener de 2017<\/td>\n<td width=\"287\">Teresa Perales Fern\u00e1ndez<\/td>\n<td width=\"153\">Encina<\/td>\n<td width=\"287\">Quercus ilex ;\u00a0 L.<\/td>\n<td>40<\/td>\n<\/tr>\n<tr>\n<td width=\"196\">04 de juliol de 2017<\/td>\n<td width=\"287\">Jos\u00e9 Mar\u00eda Peir\u00f3 Silla<\/td>\n<td width=\"153\">Magnolio<\/td>\n<td width=\"287\">Magnolia grandiflora ; L.<\/td>\n<td>41<\/td>\n<\/tr>\n<tr>\n<td width=\"196\">14 de desembre de 2017<\/td>\n<td width=\"287\">\u00c1ngel Nieto Rold\u00e1n<\/td>\n<td width=\"153\">Arce de Montpellier<\/td>\n<td width=\"287\">Acer Monspessulanum ; L.<\/td>\n<td>42<\/td>\n<\/tr>\n<tr>\n<td width=\"196\">26 de gener de 2018<\/td>\n<td width=\"287\">Miguel R\u00edos Campa\u00f1a<\/td>\n<td width=\"153\">Magraner<\/td>\n<td width=\"287\">Punica granatum ; L.<\/td>\n<td>43<\/td>\n<\/tr>\n<tr>\n<td width=\"196\">28 de juny de 2018<\/td>\n<td width=\"287\">Tino Villanueva<\/td>\n<td width=\"153\">Figuera<\/td>\n<td width=\"287\">Ficus carica ; L.<\/td>\n<td>44<\/td>\n<\/tr>\n<tr>\n<td width=\"196\">06 d&#8217;abril de 2022<\/td>\n<td width=\"287\">Marie Johnston<\/td>\n<td width=\"153\">Paulonia<\/td>\n<td width=\"287\">Paulownia tomentosa;<br \/>\n(Thunb.) Steud, 1841 non Baill, 1888<\/td>\n<td>45<\/td>\n<\/tr>\n<tr>\n<td width=\"196\">26 de gener de 2023<\/td>\n<td width=\"287\">Fred Wudl<\/td>\n<td width=\"153\">Arbo\u00e7<\/td>\n<td width=\"287\">Arbutus unedo; L.<\/td>\n<td>46<\/td>\n<\/tr>\n<tr>\n<td width=\"196\">28 de gener de 2020<\/td>\n<td width=\"287\">Ram\u00f3n Lobo Leyder<\/td>\n<td width=\"153\">Jacaranda<\/td>\n<td width=\"287\">Jacaranda mimosifolia D. Don, 1822<\/td>\n<td>47<\/td>\n<\/tr>\n<tr>\n<td width=\"196\">25 de gener de 2024<\/td>\n<td width=\"287\">Luis Serrano Pubul<\/td>\n<td width=\"153\">Arbre botella de Queensland<\/td>\n<td width=\"287\">(Brachychiton rupestris, (T. Mitch. Ex Lindl) K. Schum.)<\/td>\n<td>48<\/td>\n<\/tr>\n<tr>\n<td width=\"196\">05 de juny 2024<\/td>\n<td width=\"287\">Carlos Herrera Crusset<\/td>\n<td width=\"153\">Braquiquito rosado<\/td>\n<td width=\"287\">(Brachychiton discolor, F. Muell.)<\/td>\n<td>49<\/td>\n<\/tr>\n<\/tbody>\n<\/table>\n<div><\/div>\n<div>\n<table style=\"height: 67px\" width=\"984\">\n<tbody>\n<tr>\n<td width=\"196\">28 de gener 2025<\/td>\n<td width=\"287\">Luis Puelles L\u00f3pez<\/td>\n<td width=\"153\">Morera del papel<\/td>\n<td width=\"287\">Broussonetia papyrifera<\/td>\n<td>50<\/td>\n<\/tr>\n<\/tbody>\n<\/table>\n<div><\/div>\n<div>\n<table width=\"986\">\n<tbody>\n<tr>\n<td width=\"196\">14 de febrer 2025<\/td>\n<td width=\"287\">Diego Gonz\u00e1lez Rivas<\/td>\n<td width=\"153\">\u00c1rbol botella de Queensland<\/td>\n<td width=\"287\">Brachychiton rupestris<\/td>\n<td>51<\/td>\n<\/tr>\n<\/tbody>\n<\/table>\n<\/div>\n<\/div>\n<table width=\"986\">\n<tbody>\n<tr>\n<td width=\"196\">15 de maig 2025<\/td>\n<td width=\"287\">Jaime Lamo de Espinosa y Michels de Champourcin<\/td>\n<td width=\"153\">Palmera datilera<\/td>\n<td width=\"287\">Phoenix dactylifera\u00a0 L.<\/td>\n<td>52<\/td>\n<\/tr>\n<\/tbody>\n<\/table>\n<table width=\"986\">\n<tbody>\n<tr>\n<td width=\"196\">15 de maig 2025<\/td>\n<td width=\"287\">Manuel Ram\u00f3n Pimentel Siles<\/td>\n<td width=\"153\">Palmera datilera<\/td>\n<td width=\"287\">Phoenix dactylifera\u00a0 L.<\/td>\n<td>53<\/td>\n<\/tr>\n<\/tbody>\n<\/table>\n<table width=\"986\">\n<tbody>\n<tr>\n<td width=\"196\">19 de juny 2025<\/td>\n<td width=\"287\">Paloma del R\u00edo Ca\u00f1adas<\/td>\n<td width=\"153\">Braquiquito rosado<\/td>\n<td width=\"287\">\u00a0(Brachychiton discolor, F. Muell.)<\/td>\n<td>54<\/td>\n<\/tr>\n<\/tbody>\n<\/table>\n<div>\n<div><\/div>\n<div>\n<table style=\"height: 44px\" width=\"988\">\n<tbody>\n<tr>\n<td width=\"196\">18 de setembre 2025<\/td>\n<td width=\"287\">Margarita del Val Latorre<\/td>\n<td width=\"153\">\u00c1rbol botella de Queensland<\/td>\n<td width=\"287\">Brachychiton rupestris<\/td>\n<td>55<\/td>\n<\/tr>\n<\/tbody>\n<\/table>\n<\/div>\n<\/div>\n<div>\n<div><\/div>\n<div>\n<table style=\"height: 44px\" width=\"988\">\n<tbody>\n<tr>\n<td width=\"196\">28 de gener 2026<\/td>\n<td width=\"287\">Mariana Concepci\u00f3n Castells Guitard<\/td>\n<td width=\"153\">Palmera datilera<\/td>\n<td width=\"287\">Phoenix dactylifera\u00a0 L.<\/td>\n<td>56<\/td>\n<\/tr>\n<\/tbody>\n<\/table>\n<\/div>\n<\/div>\n<div class=\"gmail_quote\">\n<div dir=\"auto\">\n<div dir=\"ltr\">\n<div dir=\"ltr\">\n<div dir=\"ltr\">\n<div class=\"gmail_default\">\n<div><\/div>\n<div><a href=\"https:\/\/protocolo.umh.es\/files\/2026\/01\/BOSQUE-HONORIS_01-26-2.xlsx\">BOSC-HONORIS (excel)<\/a><\/div>\n<div><a href=\"https:\/\/protocolo.umh.es\/files\/2026\/01\/BOSQUE-HONORIS_01-26-1-1.pdf\" target=\"_blank\" rel=\"noopener\">BOSC-HONORIS\u00a0<\/a><\/div>\n<div><\/div>\n<\/div>\n<\/div>\n<\/div>\n<\/div>\n<\/div>\n<\/div>\n<div><\/div>\n<h3><\/h3>\n<h3>La UMH culmina el \u2018Jard\u00ed dels Honoris\u2019 amb 56 exemplars vegetals, triats pels <em data-start=\"236\" data-end=\"251\">Honoris Causa<\/em> investits per la Universitat.<\/h3>\n<div>\n<div class=\"col\">\n<div id=\"cuerpoPostSingle\" class=\"text-cuerpo\">\n<p>Preservar i oferir un reconeixement als diferents Honoris Causa investits per la Universitat Miguel Hern\u00e1ndez (UMH) d\u2019Elx \u00e9s l\u2019objectiu del projecte \u2018Jard\u00ed dels Honoris\u2019, ubicat als voltants de l\u2019edifici Rectorat i Consell Social del campus d\u2019Elx. Aquesta iniciativa va arrancar fa diversos anys i, actualment, s\u2019han plantat 56 exemplars, triats en el seu moment per cadascun dels Honoris Causa investits, juntament amb els seus cartells informatius amb el nom de l\u2019Honoris, nom com\u00fa i nom espec\u00edfic de l\u2019exemplar, aix\u00ed com un codi QR amb m\u00e9s informaci\u00f3 espec\u00edfica de l\u2019arbre plantat.<\/p>\n<p>El \u2018Jard\u00ed dels Honoris\u2019 \u00e9s una iniciativa del Rectorat i compta amb arbres de diferent tipologia com palmeres, oliveres, magraners, garrofers, pins, oms, pollancres, llorers, alzines, roures, arbo\u00e7os i altres esp\u00e8cies menys conegudes com l\u2019arbre de Judea, arbre de corall, cedres, ginkgos, cinamomo o catalpa. A m\u00e9s, el \u2018Jard\u00ed dels Honoris\u2019 compta amb una figuera, dedicada a Miguel Hern\u00e1ndez i que prov\u00e9 d\u2019un esqueix de la que hi ha a la casa del poeta a Oriola.<\/p>\n<div id=\"attachment_153416\" class=\"wp-caption alignnone\">\n<p>&nbsp;<\/p>\n<\/div>\n<\/div>\n<\/div>\n<\/div>\n<\/div>\n<\/div>\n<\/div>\n<\/div>\n<\/div>\n<\/div>\n<\/div>\n<p><\/p>","protected":false},"excerpt":{"rendered":"<p>Presentaci\u00f3<\/p>\n<p>Al Campus d\u2019Elx, es troba ubicat el Jard\u00ed dels Honoris.<br \/>\nEn aquest espai hi trobaran diferents esp\u00e8cies d\u2019arbres i arbustos compatibles amb el nostre ecosistema, triades per les doctores i els doctors HONORIS CAUSA de la nostra Universitat.<br \/>\nLes esp\u00e8cies escollides representen uns valors amb els quals els nostres acad\u00e8mics s\u2019han sentit identificats, creant aix\u00ed un simbolisme [&#8230;]<\/p>\n","protected":false},"author":3285,"featured_media":0,"parent":0,"menu_order":600,"comment_status":"closed","ping_status":"closed","template":"","meta":{"ngg_post_thumbnail":0,"_links_to":"","_links_to_target":""},"_links":{"self":[{"href":"https:\/\/protocolo.umh.es\/ca\/wp-json\/wp\/v2\/pages\/25517"}],"collection":[{"href":"https:\/\/protocolo.umh.es\/ca\/wp-json\/wp\/v2\/pages"}],"about":[{"href":"https:\/\/protocolo.umh.es\/ca\/wp-json\/wp\/v2\/types\/page"}],"author":[{"embeddable":true,"href":"https:\/\/protocolo.umh.es\/ca\/wp-json\/wp\/v2\/users\/3285"}],"replies":[{"embeddable":true,"href":"https:\/\/protocolo.umh.es\/ca\/wp-json\/wp\/v2\/comments?post=25517"}],"version-history":[{"count":0,"href":"https:\/\/protocolo.umh.es\/ca\/wp-json\/wp\/v2\/pages\/25517\/revisions"}],"wp:attachment":[{"href":"https:\/\/protocolo.umh.es\/ca\/wp-json\/wp\/v2\/media?parent=25517"}],"curies":[{"name":"wp","href":"https:\/\/api.w.org\/{rel}","templated":true}]}}